{"id":1048,"date":"2023-10-23T13:24:19","date_gmt":"2023-10-23T11:24:19","guid":{"rendered":"https:\/\/rad-pol.com.pl\/tkaninydekoracyjne\/?page_id=1048"},"modified":"2025-09-11T14:29:56","modified_gmt":"2025-09-11T12:29:56","slug":"dla-dzieci","status":"publish","type":"page","link":"https:\/\/rad-pol.com.pl\/tkaninydekoracyjne\/dla-dzieci\/","title":{"rendered":"Dla dzieci"},"content":{"rendered":"\t\t<div data-elementor-type=\"wp-page\" data-elementor-id=\"1048\" class=\"elementor elementor-1048\">\n\t\t\t\t<div class=\"elementor-element elementor-element-739a3ee e-flex e-con-boxed qodef-elementor-content-no e-con e-parent\" data-id=\"739a3ee\" data-element_type=\"container\" data-e-type=\"container\">\n\t\t\t\t\t<div class=\"e-con-inner\">\n\t\t<div class=\"elementor-element elementor-element-db2cce1 e-con-full e-flex qodef-elementor-content-no e-con e-child\" data-id=\"db2cce1\" data-element_type=\"container\" data-e-type=\"container\">\n\t\t\t\t<div class=\"elementor-element elementor-element-9b1dad8 elementor-widget elementor-widget-shortcode\" data-id=\"9b1dad8\" data-element_type=\"widget\" data-e-type=\"widget\" data-widget_type=\"shortcode.default\">\n\t\t\t\t<div class=\"elementor-widget-container\">\n\t\t\t\t\t\t\t<div class=\"elementor-shortcode\"><\/div>\n\t\t\t\t\t\t<\/div>\n\t\t\t\t<\/div>\n\t\t\t\t<\/div>\n\t\t<div class=\"elementor-element elementor-element-f735bee e-con-full e-flex qodef-elementor-content-no e-con e-child\" data-id=\"f735bee\" data-element_type=\"container\" data-e-type=\"container\">\n\t\t\t\t<div class=\"elementor-element elementor-element-0ee3f10 qodef-info-below-alignment--center elementor-widget elementor-widget-qi_addons_for_elementor_product_list\" data-id=\"0ee3f10\" data-element_type=\"widget\" data-e-type=\"widget\" data-widget_type=\"qi_addons_for_elementor_product_list.default\">\n\t\t\t\t<div class=\"elementor-widget-container\">\n\t\t\t\t\t<div class=\"qodef-shortcode qodef-m qodef-addons-woo-shortcode qodef-qi-woo-shortcode-product-list qodef-item-layout--info-below-swap qodef-image--hover-zoom qodef-qi-grid qodef-layout--qi-columns qodef-col-num--3 qodef-item-layout--info-below-swap qodef-responsive--predefined\" >\n\t<div class=\"qodef-grid-inner\">\n\t\t<div class=\"qodef-e qodef-grid-item product type-product post-10378 status-publish first instock product_cat-dla-dzieci product_cat-zaslonowe product_tag-dekoracyjna product_tag-dziecieca has-post-thumbnail shipping-taxable product-type-simple\">\n\t<div class=\"qodef-e-product-inner\">\n\t\t\t\t\t<div class=\"qodef-e-product-image\">\n\t\t\t\t\t\t\t\t<div class=\"qodef-e-product-image-holder\">\n\t\t\t\t\t<a itemprop=\"url\" href=\"https:\/\/rad-pol.com.pl\/tkaninydekoracyjne\/produkt\/laleczki\/\">\n\t\t\t\t\t\t<img fetchpriority=\"high\" decoding=\"async\" width=\"400\" height=\"400\" src=\"https:\/\/rad-pol.com.pl\/tkaninydekoracyjne\/wp-content\/uploads\/sites\/3\/2024\/08\/laleczki.jpg\" class=\"attachment-full size-full\" alt=\"\" srcset=\"https:\/\/rad-pol.com.pl\/tkaninydekoracyjne\/wp-content\/uploads\/sites\/3\/2024\/08\/laleczki.jpg 400w, https:\/\/rad-pol.com.pl\/tkaninydekoracyjne\/wp-content\/uploads\/sites\/3\/2024\/08\/laleczki-300x300.jpg 300w, https:\/\/rad-pol.com.pl\/tkaninydekoracyjne\/wp-content\/uploads\/sites\/3\/2024\/08\/laleczki-150x150.jpg 150w, https:\/\/rad-pol.com.pl\/tkaninydekoracyjne\/wp-content\/uploads\/sites\/3\/2024\/08\/laleczki-100x100.jpg 100w\" sizes=\"(max-width: 400px) 100vw, 400px\" \/>\t\t\t\t\t<\/a>\n\t\t\t\t<\/div>\n\t\t\t<\/div>\n\t\t\t\t<div class=\"qodef-e-product-content\">\n\t\t\t\t\t\t<h5 itemprop=\"name\" class=\"qodef-e-product-title qodef-e-title entry-title\">\n\t<a itemprop=\"url\" class=\"qodef-e-product-title-link\" href=\"https:\/\/rad-pol.com.pl\/tkaninydekoracyjne\/produkt\/laleczki\/\">\n\t\tLaleczki\t<\/a>\n<\/h5>\n\t\t\t<div class=\"qodef-e-swap-holder\">\n\t\t\t\t\t\t\t\t<div class=\"qodef-e-to-swap\">\n\t\t\t\t\t<a class=\"qodef-shortcode qodef-m button product_type_simple qodef-qi-button qodef-html--link qodef-layout--textual qodef-type--standard qodef-icon--right qodef-hover--icon-move-horizontal-short\" href=\"https:\/\/rad-pol.com.pl\/tkaninydekoracyjne\/produkt\/laleczki\/\" target=\"_self\" data-product_id=\"10378\"  aria-label=\"Przeczytaj wi\u0119cej o \u201eLaleczki\u201d\" rel=\"nofollow\" data-quantity=\"1\">\t<span class=\"qodef-m-text\">Dowiedz si\u0119 wi\u0119cej<\/span>\t<\/a>\t\t\t\t<\/div>\n\t\t\t<\/div>\n\t\t\t\t\t\t\t\t<\/div>\n\t\t<a href=\"https:\/\/rad-pol.com.pl\/tkaninydekoracyjne\/produkt\/laleczki\/\" class=\"woocommerce-LoopProduct-link woocommerce-loop-product__link\"><\/a>\t<\/div>\n<\/div>\n<div class=\"qodef-e qodef-grid-item product type-product post-10365 status-publish instock product_cat-bawelna product_cat-dla-dzieci product_cat-zaslonowe product_tag-bawelna product_tag-dekoracyjna product_tag-dziecieca has-post-thumbnail shipping-taxable product-type-simple\">\n\t<div class=\"qodef-e-product-inner\">\n\t\t\t\t\t<div class=\"qodef-e-product-image\">\n\t\t\t\t\t\t\t\t<div class=\"qodef-e-product-image-holder\">\n\t\t\t\t\t<a itemprop=\"url\" href=\"https:\/\/rad-pol.com.pl\/tkaninydekoracyjne\/produkt\/mondo-svet-2\/\">\n\t\t\t\t\t\t<img decoding=\"async\" width=\"400\" height=\"400\" src=\"https:\/\/rad-pol.com.pl\/tkaninydekoracyjne\/wp-content\/uploads\/sites\/3\/2024\/08\/mondo-svet.jpg\" class=\"attachment-full size-full\" alt=\"\" srcset=\"https:\/\/rad-pol.com.pl\/tkaninydekoracyjne\/wp-content\/uploads\/sites\/3\/2024\/08\/mondo-svet.jpg 400w, https:\/\/rad-pol.com.pl\/tkaninydekoracyjne\/wp-content\/uploads\/sites\/3\/2024\/08\/mondo-svet-300x300.jpg 300w, https:\/\/rad-pol.com.pl\/tkaninydekoracyjne\/wp-content\/uploads\/sites\/3\/2024\/08\/mondo-svet-150x150.jpg 150w, https:\/\/rad-pol.com.pl\/tkaninydekoracyjne\/wp-content\/uploads\/sites\/3\/2024\/08\/mondo-svet-100x100.jpg 100w\" sizes=\"(max-width: 400px) 100vw, 400px\" \/>\t\t\t\t\t<\/a>\n\t\t\t\t<\/div>\n\t\t\t<\/div>\n\t\t\t\t<div class=\"qodef-e-product-content\">\n\t\t\t\t\t\t<h5 itemprop=\"name\" class=\"qodef-e-product-title qodef-e-title entry-title\">\n\t<a itemprop=\"url\" class=\"qodef-e-product-title-link\" href=\"https:\/\/rad-pol.com.pl\/tkaninydekoracyjne\/produkt\/mondo-svet-2\/\">\n\t\tMondo \/ Svet\t<\/a>\n<\/h5>\n\t\t\t<div class=\"qodef-e-swap-holder\">\n\t\t\t\t\t\t\t\t<div class=\"qodef-e-to-swap\">\n\t\t\t\t\t<a class=\"qodef-shortcode qodef-m button product_type_simple qodef-qi-button qodef-html--link qodef-layout--textual qodef-type--standard qodef-icon--right qodef-hover--icon-move-horizontal-short\" href=\"https:\/\/rad-pol.com.pl\/tkaninydekoracyjne\/produkt\/mondo-svet-2\/\" target=\"_self\" data-product_id=\"10365\"  aria-label=\"Przeczytaj wi\u0119cej o \u201eMondo \/ Svet\u201d\" rel=\"nofollow\" data-quantity=\"1\">\t<span class=\"qodef-m-text\">Dowiedz si\u0119 wi\u0119cej<\/span>\t<\/a>\t\t\t\t<\/div>\n\t\t\t<\/div>\n\t\t\t\t\t\t\t\t<\/div>\n\t\t<a href=\"https:\/\/rad-pol.com.pl\/tkaninydekoracyjne\/produkt\/mondo-svet-2\/\" class=\"woocommerce-LoopProduct-link woocommerce-loop-product__link\"><\/a>\t<\/div>\n<\/div>\n\t<\/div>\n\t<\/div>\n\t\t\t\t<\/div>\n\t\t\t\t<\/div>\n\t\t\t\t<\/div>\n\t\t\t\t\t<\/div>\n\t\t\t\t<\/div>\n\t\t<div class=\"elementor-element elementor-element-5a1f5aa e-flex e-con-boxed qodef-elementor-content-no e-con e-parent\" data-id=\"5a1f5aa\" data-element_type=\"container\" data-e-type=\"container\">\n\t\t\t\t\t<div class=\"e-con-inner\">\n\t\t\t\t<div class=\"elementor-element elementor-element-ee70cd6 elementor-widget elementor-widget-text-editor\" data-id=\"ee70cd6\" data-element_type=\"widget\" data-e-type=\"widget\" data-widget_type=\"text-editor.default\">\n\t\t\t\t<div class=\"elementor-widget-container\">\n\t\t\t\t\t\t\t\t\t<h3>Tkaniny Dzieci\u0119ce: Wyb\u00f3r Najlepszych Materia\u0142\u00f3w dla Twojego Malucha<\/h3><p>Wyb\u00f3r odpowiednich tkanin dzieci\u0119cych to kluczowa decyzja, kt\u00f3ra wp\u0142ywa na komfort i bezpiecze\u0144stwo Twojego dziecka. Warto zainwestowa\u0107 w materia\u0142y najwy\u017cszej jako\u015bci, kt\u00f3re s\u0105 zar\u00f3wno delikatne dla sk\u00f3ry, jak i trwa\u0142e. Niezale\u017cnie od tego, czy szukasz tkanin na po\u015bciel, ubranka, czy akcesoria, odpowiedni materia\u0142 ma ogromne znaczenie.<\/p><h4>Komfort i Trwa\u0142o\u015b\u0107<\/h4><p>Tkaniny dzieci\u0119ce musz\u0105 by\u0107 nie tylko mi\u0119kkie, ale r\u00f3wnie\u017c trwa\u0142e. Dzieci s\u0105 bardzo aktywne, dlatego materia\u0142y na ich ubranka i po\u015bciel powinny by\u0107 odporne na cz\u0119ste pranie i intensywne u\u017cytkowanie. Wysokiej jako\u015bci bawe\u0142na, dzianiny i inne tkaniny naturalne z czasem staj\u0105 si\u0119 jeszcze bardziej mi\u0119kkie, zachowuj\u0105c jednocze\u015bnie swoj\u0105 trwa\u0142o\u015b\u0107.<\/p><h4>Estetyka i Styl<\/h4><p>Nie zapominajmy o estetyce! Tkaniny dzieci\u0119ce dost\u0119pne s\u0105 w szerokiej gamie kolor\u00f3w i wzor\u00f3w, kt\u00f3re pobudzaj\u0105 wyobra\u017ani\u0119 i rozw\u00f3j malucha. Delikatne pastele, weso\u0142e motywy zwierz\u0119ce czy subtelne wzory florystyczne \u2013 wyb\u00f3r jest ogromny. Dob\u00f3r odpowiednich kolor\u00f3w i wzor\u00f3w mo\u017ce stworzy\u0107 przytuln\u0105 atmosfer\u0119 w pokoju dzieci\u0119cym lub doda\u0107 uroku codziennym stylizacjom.<\/p><h4>Podsumowanie<\/h4><p>Wyb\u00f3r tkanin dzieci\u0119cych to inwestycja w komfort, bezpiecze\u0144stwo i dobre samopoczucie Twojego dziecka. Decyduj\u0105c si\u0119 na materia\u0142y naturalne i certyfikowane, zapewniasz swojemu maluchowi najlepsze warunki do zdrowego rozwoju. Pami\u0119taj, \u017ce jako\u015b\u0107 tkanin ma znaczenie \u2013 zar\u00f3wno dla delikatnej sk\u00f3ry dziecka, jak i dla trwa\u0142o\u015bci produkt\u00f3w, z kt\u00f3rych b\u0119d\u0105 korzysta\u0107 przez d\u0142ugi czas.<\/p>\t\t\t\t\t\t\t\t<\/div>\n\t\t\t\t<\/div>\n\t\t\t\t\t<\/div>\n\t\t\t\t<\/div>\n\t\t<div class=\"elementor-element elementor-element-cba998f e-flex e-con-boxed qodef-elementor-content-no e-con e-parent\" data-id=\"cba998f\" data-element_type=\"container\" data-e-type=\"container\">\n\t\t\t\t\t<div class=\"e-con-inner\">\n\t\t\t\t\t<\/div>\n\t\t\t\t<\/div>\n\t\t\t\t<\/div>\n\t\t","protected":false},"excerpt":{"rendered":"<p>Laleczki Dowiedz si\u0119 wi\u0119cej Mondo \/ Svet Dowiedz si\u0119 wi\u0119cej Tkaniny Dzieci\u0119ce: Wyb\u00f3r Najlepszych Materia\u0142\u00f3w dla Twojego Malucha Wyb\u00f3r odpowiednich tkanin dzieci\u0119cych to kluczowa decyzja, kt\u00f3ra wp\u0142ywa na komfort i bezpiecze\u0144stwo Twojego dziecka. Warto zainwestowa\u0107 w materia\u0142y najwy\u017cszej jako\u015bci, kt\u00f3re s\u0105 zar\u00f3wno delikatne dla sk\u00f3ry, jak i trwa\u0142e. Niezale\u017cnie od tego, czy szukasz tkanin na [&hellip;]<\/p>\n","protected":false},"author":1,"featured_media":0,"parent":0,"menu_order":0,"comment_status":"closed","ping_status":"closed","template":"","meta":{"footnotes":""},"class_list":["post-1048","page","type-page","status-publish","hentry"],"yoast_head":"<!-- This site is optimized with the Yoast SEO plugin v27.4 - https:\/\/yoast.com\/product\/yoast-seo-wordpress\/ -->\n<title>Dla dzieci - Rad-Pol Tkaniny<\/title>\n<meta name=\"robots\" content=\"index, follow, max-snippet:-1, max-image-preview:large, max-video-preview:-1\" \/>\n<link rel=\"canonical\" href=\"https:\/\/rad-pol.com.pl\/tkaninydekoracyjne\/dla-dzieci\/\" \/>\n<meta property=\"og:locale\" content=\"pl_PL\" \/>\n<meta property=\"og:type\" content=\"article\" \/>\n<meta property=\"og:title\" content=\"Dla dzieci - Rad-Pol Tkaniny\" \/>\n<meta property=\"og:description\" content=\"Laleczki Dowiedz si\u0119 wi\u0119cej Mondo \/ Svet Dowiedz si\u0119 wi\u0119cej Tkaniny Dzieci\u0119ce: Wyb\u00f3r Najlepszych Materia\u0142\u00f3w dla Twojego Malucha Wyb\u00f3r odpowiednich tkanin dzieci\u0119cych to kluczowa decyzja, kt\u00f3ra wp\u0142ywa na komfort i bezpiecze\u0144stwo Twojego dziecka. Warto zainwestowa\u0107 w materia\u0142y najwy\u017cszej jako\u015bci, kt\u00f3re s\u0105 zar\u00f3wno delikatne dla sk\u00f3ry, jak i trwa\u0142e. Niezale\u017cnie od tego, czy szukasz tkanin na [&hellip;]\" \/>\n<meta property=\"og:url\" content=\"https:\/\/rad-pol.com.pl\/tkaninydekoracyjne\/dla-dzieci\/\" \/>\n<meta property=\"og:site_name\" content=\"Rad-Pol Tkaniny\" \/>\n<meta property=\"article:publisher\" content=\"https:\/\/www.facebook.com\/RadPolTkaniny\" \/>\n<meta property=\"article:modified_time\" content=\"2025-09-11T12:29:56+00:00\" \/>\n<meta property=\"og:image\" content=\"http:\/\/rad-pol.com.pl\/tkaninydekoracyjne\/wp-content\/uploads\/sites\/3\/2024\/08\/laleczki.jpg\" \/>\n<meta name=\"twitter:card\" content=\"summary_large_image\" \/>\n<meta name=\"twitter:label1\" content=\"Szacowany czas czytania\" \/>\n\t<meta name=\"twitter:data1\" content=\"2 minuty\" \/>\n<script type=\"application\/ld+json\" class=\"yoast-schema-graph\">{\"@context\":\"https:\\\/\\\/schema.org\",\"@graph\":[{\"@type\":\"WebPage\",\"@id\":\"https:\\\/\\\/rad-pol.com.pl\\\/tkaninydekoracyjne\\\/dla-dzieci\\\/\",\"url\":\"https:\\\/\\\/rad-pol.com.pl\\\/tkaninydekoracyjne\\\/dla-dzieci\\\/\",\"name\":\"Dla dzieci - Rad-Pol Tkaniny\",\"isPartOf\":{\"@id\":\"https:\\\/\\\/rad-pol.com.pl\\\/tkaninydekoracyjne\\\/#website\"},\"primaryImageOfPage\":{\"@id\":\"https:\\\/\\\/rad-pol.com.pl\\\/tkaninydekoracyjne\\\/dla-dzieci\\\/#primaryimage\"},\"image\":{\"@id\":\"https:\\\/\\\/rad-pol.com.pl\\\/tkaninydekoracyjne\\\/dla-dzieci\\\/#primaryimage\"},\"thumbnailUrl\":\"http:\\\/\\\/rad-pol.com.pl\\\/tkaninydekoracyjne\\\/wp-content\\\/uploads\\\/sites\\\/3\\\/2024\\\/08\\\/laleczki.jpg\",\"datePublished\":\"2023-10-23T11:24:19+00:00\",\"dateModified\":\"2025-09-11T12:29:56+00:00\",\"breadcrumb\":{\"@id\":\"https:\\\/\\\/rad-pol.com.pl\\\/tkaninydekoracyjne\\\/dla-dzieci\\\/#breadcrumb\"},\"inLanguage\":\"pl-PL\",\"potentialAction\":[{\"@type\":\"ReadAction\",\"target\":[\"https:\\\/\\\/rad-pol.com.pl\\\/tkaninydekoracyjne\\\/dla-dzieci\\\/\"]}]},{\"@type\":\"ImageObject\",\"inLanguage\":\"pl-PL\",\"@id\":\"https:\\\/\\\/rad-pol.com.pl\\\/tkaninydekoracyjne\\\/dla-dzieci\\\/#primaryimage\",\"url\":\"http:\\\/\\\/rad-pol.com.pl\\\/tkaninydekoracyjne\\\/wp-content\\\/uploads\\\/sites\\\/3\\\/2024\\\/08\\\/laleczki.jpg\",\"contentUrl\":\"http:\\\/\\\/rad-pol.com.pl\\\/tkaninydekoracyjne\\\/wp-content\\\/uploads\\\/sites\\\/3\\\/2024\\\/08\\\/laleczki.jpg\"},{\"@type\":\"BreadcrumbList\",\"@id\":\"https:\\\/\\\/rad-pol.com.pl\\\/tkaninydekoracyjne\\\/dla-dzieci\\\/#breadcrumb\",\"itemListElement\":[{\"@type\":\"ListItem\",\"position\":1,\"name\":\"Strona g\u0142\u00f3wna\",\"item\":\"https:\\\/\\\/rad-pol.com.pl\\\/tkaninydekoracyjne\\\/\"},{\"@type\":\"ListItem\",\"position\":2,\"name\":\"Dla dzieci\"}]},{\"@type\":\"WebSite\",\"@id\":\"https:\\\/\\\/rad-pol.com.pl\\\/tkaninydekoracyjne\\\/#website\",\"url\":\"https:\\\/\\\/rad-pol.com.pl\\\/tkaninydekoracyjne\\\/\",\"name\":\"Rad-Pol Tkaniny\",\"description\":\"\",\"publisher\":{\"@id\":\"https:\\\/\\\/rad-pol.com.pl\\\/tkaninydekoracyjne\\\/#organization\"},\"potentialAction\":[{\"@type\":\"SearchAction\",\"target\":{\"@type\":\"EntryPoint\",\"urlTemplate\":\"https:\\\/\\\/rad-pol.com.pl\\\/tkaninydekoracyjne\\\/?s={search_term_string}\"},\"query-input\":{\"@type\":\"PropertyValueSpecification\",\"valueRequired\":true,\"valueName\":\"search_term_string\"}}],\"inLanguage\":\"pl-PL\"},{\"@type\":\"Organization\",\"@id\":\"https:\\\/\\\/rad-pol.com.pl\\\/tkaninydekoracyjne\\\/#organization\",\"name\":\"Rad-Pol Tkaniny\",\"url\":\"https:\\\/\\\/rad-pol.com.pl\\\/tkaninydekoracyjne\\\/\",\"logo\":{\"@type\":\"ImageObject\",\"inLanguage\":\"pl-PL\",\"@id\":\"https:\\\/\\\/rad-pol.com.pl\\\/tkaninydekoracyjne\\\/#\\\/schema\\\/logo\\\/image\\\/\",\"url\":\"https:\\\/\\\/rad-pol.com.pl\\\/tkaninydekoracyjne\\\/wp-content\\\/uploads\\\/sites\\\/3\\\/2024\\\/04\\\/RadPol-logo-www.png\",\"contentUrl\":\"https:\\\/\\\/rad-pol.com.pl\\\/tkaninydekoracyjne\\\/wp-content\\\/uploads\\\/sites\\\/3\\\/2024\\\/04\\\/RadPol-logo-www.png\",\"width\":300,\"height\":108,\"caption\":\"Rad-Pol Tkaniny\"},\"image\":{\"@id\":\"https:\\\/\\\/rad-pol.com.pl\\\/tkaninydekoracyjne\\\/#\\\/schema\\\/logo\\\/image\\\/\"},\"sameAs\":[\"https:\\\/\\\/www.facebook.com\\\/RadPolTkaniny\"]}]}<\/script>\n<!-- \/ Yoast SEO plugin. -->","yoast_head_json":{"title":"Dla dzieci - Rad-Pol Tkaniny","robots":{"index":"index","follow":"follow","max-snippet":"max-snippet:-1","max-image-preview":"max-image-preview:large","max-video-preview":"max-video-preview:-1"},"canonical":"https:\/\/rad-pol.com.pl\/tkaninydekoracyjne\/dla-dzieci\/","og_locale":"pl_PL","og_type":"article","og_title":"Dla dzieci - Rad-Pol Tkaniny","og_description":"Laleczki Dowiedz si\u0119 wi\u0119cej Mondo \/ Svet Dowiedz si\u0119 wi\u0119cej Tkaniny Dzieci\u0119ce: Wyb\u00f3r Najlepszych Materia\u0142\u00f3w dla Twojego Malucha Wyb\u00f3r odpowiednich tkanin dzieci\u0119cych to kluczowa decyzja, kt\u00f3ra wp\u0142ywa na komfort i bezpiecze\u0144stwo Twojego dziecka. Warto zainwestowa\u0107 w materia\u0142y najwy\u017cszej jako\u015bci, kt\u00f3re s\u0105 zar\u00f3wno delikatne dla sk\u00f3ry, jak i trwa\u0142e. Niezale\u017cnie od tego, czy szukasz tkanin na [&hellip;]","og_url":"https:\/\/rad-pol.com.pl\/tkaninydekoracyjne\/dla-dzieci\/","og_site_name":"Rad-Pol Tkaniny","article_publisher":"https:\/\/www.facebook.com\/RadPolTkaniny","article_modified_time":"2025-09-11T12:29:56+00:00","og_image":[{"url":"http:\/\/rad-pol.com.pl\/tkaninydekoracyjne\/wp-content\/uploads\/sites\/3\/2024\/08\/laleczki.jpg","type":"","width":"","height":""}],"twitter_card":"summary_large_image","twitter_misc":{"Szacowany czas czytania":"2 minuty"},"schema":{"@context":"https:\/\/schema.org","@graph":[{"@type":"WebPage","@id":"https:\/\/rad-pol.com.pl\/tkaninydekoracyjne\/dla-dzieci\/","url":"https:\/\/rad-pol.com.pl\/tkaninydekoracyjne\/dla-dzieci\/","name":"Dla dzieci - Rad-Pol Tkaniny","isPartOf":{"@id":"https:\/\/rad-pol.com.pl\/tkaninydekoracyjne\/#website"},"primaryImageOfPage":{"@id":"https:\/\/rad-pol.com.pl\/tkaninydekoracyjne\/dla-dzieci\/#primaryimage"},"image":{"@id":"https:\/\/rad-pol.com.pl\/tkaninydekoracyjne\/dla-dzieci\/#primaryimage"},"thumbnailUrl":"http:\/\/rad-pol.com.pl\/tkaninydekoracyjne\/wp-content\/uploads\/sites\/3\/2024\/08\/laleczki.jpg","datePublished":"2023-10-23T11:24:19+00:00","dateModified":"2025-09-11T12:29:56+00:00","breadcrumb":{"@id":"https:\/\/rad-pol.com.pl\/tkaninydekoracyjne\/dla-dzieci\/#breadcrumb"},"inLanguage":"pl-PL","potentialAction":[{"@type":"ReadAction","target":["https:\/\/rad-pol.com.pl\/tkaninydekoracyjne\/dla-dzieci\/"]}]},{"@type":"ImageObject","inLanguage":"pl-PL","@id":"https:\/\/rad-pol.com.pl\/tkaninydekoracyjne\/dla-dzieci\/#primaryimage","url":"http:\/\/rad-pol.com.pl\/tkaninydekoracyjne\/wp-content\/uploads\/sites\/3\/2024\/08\/laleczki.jpg","contentUrl":"http:\/\/rad-pol.com.pl\/tkaninydekoracyjne\/wp-content\/uploads\/sites\/3\/2024\/08\/laleczki.jpg"},{"@type":"BreadcrumbList","@id":"https:\/\/rad-pol.com.pl\/tkaninydekoracyjne\/dla-dzieci\/#breadcrumb","itemListElement":[{"@type":"ListItem","position":1,"name":"Strona g\u0142\u00f3wna","item":"https:\/\/rad-pol.com.pl\/tkaninydekoracyjne\/"},{"@type":"ListItem","position":2,"name":"Dla dzieci"}]},{"@type":"WebSite","@id":"https:\/\/rad-pol.com.pl\/tkaninydekoracyjne\/#website","url":"https:\/\/rad-pol.com.pl\/tkaninydekoracyjne\/","name":"Rad-Pol Tkaniny","description":"","publisher":{"@id":"https:\/\/rad-pol.com.pl\/tkaninydekoracyjne\/#organization"},"potentialAction":[{"@type":"SearchAction","target":{"@type":"EntryPoint","urlTemplate":"https:\/\/rad-pol.com.pl\/tkaninydekoracyjne\/?s={search_term_string}"},"query-input":{"@type":"PropertyValueSpecification","valueRequired":true,"valueName":"search_term_string"}}],"inLanguage":"pl-PL"},{"@type":"Organization","@id":"https:\/\/rad-pol.com.pl\/tkaninydekoracyjne\/#organization","name":"Rad-Pol Tkaniny","url":"https:\/\/rad-pol.com.pl\/tkaninydekoracyjne\/","logo":{"@type":"ImageObject","inLanguage":"pl-PL","@id":"https:\/\/rad-pol.com.pl\/tkaninydekoracyjne\/#\/schema\/logo\/image\/","url":"https:\/\/rad-pol.com.pl\/tkaninydekoracyjne\/wp-content\/uploads\/sites\/3\/2024\/04\/RadPol-logo-www.png","contentUrl":"https:\/\/rad-pol.com.pl\/tkaninydekoracyjne\/wp-content\/uploads\/sites\/3\/2024\/04\/RadPol-logo-www.png","width":300,"height":108,"caption":"Rad-Pol Tkaniny"},"image":{"@id":"https:\/\/rad-pol.com.pl\/tkaninydekoracyjne\/#\/schema\/logo\/image\/"},"sameAs":["https:\/\/www.facebook.com\/RadPolTkaniny"]}]}},"_links":{"self":[{"href":"https:\/\/rad-pol.com.pl\/tkaninydekoracyjne\/wp-json\/wp\/v2\/pages\/1048","targetHints":{"allow":["GET"]}}],"collection":[{"href":"https:\/\/rad-pol.com.pl\/tkaninydekoracyjne\/wp-json\/wp\/v2\/pages"}],"about":[{"href":"https:\/\/rad-pol.com.pl\/tkaninydekoracyjne\/wp-json\/wp\/v2\/types\/page"}],"author":[{"embeddable":true,"href":"https:\/\/rad-pol.com.pl\/tkaninydekoracyjne\/wp-json\/wp\/v2\/users\/1"}],"replies":[{"embeddable":true,"href":"https:\/\/rad-pol.com.pl\/tkaninydekoracyjne\/wp-json\/wp\/v2\/comments?post=1048"}],"version-history":[{"count":12,"href":"https:\/\/rad-pol.com.pl\/tkaninydekoracyjne\/wp-json\/wp\/v2\/pages\/1048\/revisions"}],"predecessor-version":[{"id":15121,"href":"https:\/\/rad-pol.com.pl\/tkaninydekoracyjne\/wp-json\/wp\/v2\/pages\/1048\/revisions\/15121"}],"wp:attachment":[{"href":"https:\/\/rad-pol.com.pl\/tkaninydekoracyjne\/wp-json\/wp\/v2\/media?parent=1048"}],"curies":[{"name":"wp","href":"https:\/\/api.w.org\/{rel}","templated":true}]}}