{"id":10476,"date":"2024-08-22T14:19:31","date_gmt":"2024-08-22T12:19:31","guid":{"rendered":"https:\/\/rad-pol.com.pl\/tkaninydekoracyjne\/?post_type=product&#038;p=10476"},"modified":"2024-10-22T12:04:03","modified_gmt":"2024-10-22T10:04:03","slug":"contrada","status":"publish","type":"product","link":"https:\/\/rad-pol.com.pl\/tkaninydekoracyjne\/produkt\/contrada\/","title":{"rendered":"Contrada"},"content":{"rendered":"<p>Dost\u0119pne kolory:<\/p>\n\n\t\t<style type=\"text\/css\">\n\t\t\t#gallery-1 {\n\t\t\t\tmargin: auto;\n\t\t\t}\n\t\t\t#gallery-1 .gallery-item {\n\t\t\t\tfloat: left;\n\t\t\t\tmargin-top: 10px;\n\t\t\t\ttext-align: center;\n\t\t\t\twidth: 20%;\n\t\t\t}\n\t\t\t#gallery-1 img {\n\t\t\t\tborder: 2px solid #cfcfcf;\n\t\t\t}\n\t\t\t#gallery-1 .gallery-caption {\n\t\t\t\tmargin-left: 0;\n\t\t\t}\n\t\t\t\/* see gallery_shortcode() in wp-includes\/media.php *\/\n\t\t<\/style>\n\t\t<div id='gallery-1' class='gallery galleryid-10476 gallery-columns-5 gallery-size-thumbnail'><dl class='gallery-item'>\n\t\t\t<dt class='gallery-icon landscape'>\n\t\t\t\t<a href='https:\/\/rad-pol.com.pl\/tkaninydekoracyjne\/?attachment_id=10478'><img decoding=\"async\" width=\"150\" height=\"150\" src=\"https:\/\/rad-pol.com.pl\/tkaninydekoracyjne\/wp-content\/uploads\/sites\/3\/2024\/08\/Contrada-1-150x150.jpeg\" class=\"attachment-thumbnail size-thumbnail\" alt=\"Contrada - 1\" aria-describedby=\"gallery-1-10478\" srcset=\"https:\/\/rad-pol.com.pl\/tkaninydekoracyjne\/wp-content\/uploads\/sites\/3\/2024\/08\/Contrada-1-150x150.jpeg 150w, https:\/\/rad-pol.com.pl\/tkaninydekoracyjne\/wp-content\/uploads\/sites\/3\/2024\/08\/Contrada-1-300x300.jpeg 300w, https:\/\/rad-pol.com.pl\/tkaninydekoracyjne\/wp-content\/uploads\/sites\/3\/2024\/08\/Contrada-1-100x100.jpeg 100w, https:\/\/rad-pol.com.pl\/tkaninydekoracyjne\/wp-content\/uploads\/sites\/3\/2024\/08\/Contrada-1.jpeg 600w\" sizes=\"(max-width: 150px) 100vw, 150px\" \/><\/a>\n\t\t\t<\/dt>\n\t\t\t\t<dd class='wp-caption-text gallery-caption' id='gallery-1-10478'>\n\t\t\t\tContrada &#8211; 1\n\t\t\t\t<\/dd><\/dl><dl class='gallery-item'>\n\t\t\t<dt class='gallery-icon landscape'>\n\t\t\t\t<a href='https:\/\/rad-pol.com.pl\/tkaninydekoracyjne\/?attachment_id=10484'><img decoding=\"async\" width=\"150\" height=\"150\" src=\"https:\/\/rad-pol.com.pl\/tkaninydekoracyjne\/wp-content\/uploads\/sites\/3\/2024\/08\/Contrada-24-150x150.jpeg\" class=\"attachment-thumbnail size-thumbnail\" alt=\"Contrada - 24\" aria-describedby=\"gallery-1-10484\" srcset=\"https:\/\/rad-pol.com.pl\/tkaninydekoracyjne\/wp-content\/uploads\/sites\/3\/2024\/08\/Contrada-24-150x150.jpeg 150w, https:\/\/rad-pol.com.pl\/tkaninydekoracyjne\/wp-content\/uploads\/sites\/3\/2024\/08\/Contrada-24-300x300.jpeg 300w, https:\/\/rad-pol.com.pl\/tkaninydekoracyjne\/wp-content\/uploads\/sites\/3\/2024\/08\/Contrada-24-100x100.jpeg 100w, https:\/\/rad-pol.com.pl\/tkaninydekoracyjne\/wp-content\/uploads\/sites\/3\/2024\/08\/Contrada-24.jpeg 600w\" sizes=\"(max-width: 150px) 100vw, 150px\" \/><\/a>\n\t\t\t<\/dt>\n\t\t\t\t<dd class='wp-caption-text gallery-caption' id='gallery-1-10484'>\n\t\t\t\tContrada &#8211; 24\n\t\t\t\t<\/dd><\/dl><dl class='gallery-item'>\n\t\t\t<dt class='gallery-icon landscape'>\n\t\t\t\t<a href='https:\/\/rad-pol.com.pl\/tkaninydekoracyjne\/?attachment_id=10483'><img decoding=\"async\" width=\"150\" height=\"150\" src=\"https:\/\/rad-pol.com.pl\/tkaninydekoracyjne\/wp-content\/uploads\/sites\/3\/2024\/08\/Contrada-21-150x150.jpeg\" class=\"attachment-thumbnail size-thumbnail\" alt=\"Contrada - 21\" aria-describedby=\"gallery-1-10483\" srcset=\"https:\/\/rad-pol.com.pl\/tkaninydekoracyjne\/wp-content\/uploads\/sites\/3\/2024\/08\/Contrada-21-150x150.jpeg 150w, https:\/\/rad-pol.com.pl\/tkaninydekoracyjne\/wp-content\/uploads\/sites\/3\/2024\/08\/Contrada-21-300x300.jpeg 300w, https:\/\/rad-pol.com.pl\/tkaninydekoracyjne\/wp-content\/uploads\/sites\/3\/2024\/08\/Contrada-21-100x100.jpeg 100w, https:\/\/rad-pol.com.pl\/tkaninydekoracyjne\/wp-content\/uploads\/sites\/3\/2024\/08\/Contrada-21.jpeg 600w\" sizes=\"(max-width: 150px) 100vw, 150px\" \/><\/a>\n\t\t\t<\/dt>\n\t\t\t\t<dd class='wp-caption-text gallery-caption' id='gallery-1-10483'>\n\t\t\t\tContrada &#8211; 21\n\t\t\t\t<\/dd><\/dl><dl class='gallery-item'>\n\t\t\t<dt class='gallery-icon landscape'>\n\t\t\t\t<a href='https:\/\/rad-pol.com.pl\/tkaninydekoracyjne\/?attachment_id=10482'><img loading=\"lazy\" decoding=\"async\" width=\"150\" height=\"150\" src=\"https:\/\/rad-pol.com.pl\/tkaninydekoracyjne\/wp-content\/uploads\/sites\/3\/2024\/08\/Contrada-17-150x150.jpeg\" class=\"attachment-thumbnail size-thumbnail\" alt=\"Contrada - 17\" aria-describedby=\"gallery-1-10482\" srcset=\"https:\/\/rad-pol.com.pl\/tkaninydekoracyjne\/wp-content\/uploads\/sites\/3\/2024\/08\/Contrada-17-150x150.jpeg 150w, https:\/\/rad-pol.com.pl\/tkaninydekoracyjne\/wp-content\/uploads\/sites\/3\/2024\/08\/Contrada-17-300x300.jpeg 300w, https:\/\/rad-pol.com.pl\/tkaninydekoracyjne\/wp-content\/uploads\/sites\/3\/2024\/08\/Contrada-17-100x100.jpeg 100w, https:\/\/rad-pol.com.pl\/tkaninydekoracyjne\/wp-content\/uploads\/sites\/3\/2024\/08\/Contrada-17.jpeg 600w\" sizes=\"(max-width: 150px) 100vw, 150px\" \/><\/a>\n\t\t\t<\/dt>\n\t\t\t\t<dd class='wp-caption-text gallery-caption' id='gallery-1-10482'>\n\t\t\t\tContrada &#8211; 17\n\t\t\t\t<\/dd><\/dl><dl class='gallery-item'>\n\t\t\t<dt class='gallery-icon landscape'>\n\t\t\t\t<a href='https:\/\/rad-pol.com.pl\/tkaninydekoracyjne\/?attachment_id=10481'><img loading=\"lazy\" decoding=\"async\" width=\"150\" height=\"150\" src=\"https:\/\/rad-pol.com.pl\/tkaninydekoracyjne\/wp-content\/uploads\/sites\/3\/2024\/08\/Contrada-13-150x150.jpeg\" class=\"attachment-thumbnail size-thumbnail\" alt=\"Contrada - 13\" aria-describedby=\"gallery-1-10481\" srcset=\"https:\/\/rad-pol.com.pl\/tkaninydekoracyjne\/wp-content\/uploads\/sites\/3\/2024\/08\/Contrada-13-150x150.jpeg 150w, https:\/\/rad-pol.com.pl\/tkaninydekoracyjne\/wp-content\/uploads\/sites\/3\/2024\/08\/Contrada-13-300x300.jpeg 300w, https:\/\/rad-pol.com.pl\/tkaninydekoracyjne\/wp-content\/uploads\/sites\/3\/2024\/08\/Contrada-13-100x100.jpeg 100w, https:\/\/rad-pol.com.pl\/tkaninydekoracyjne\/wp-content\/uploads\/sites\/3\/2024\/08\/Contrada-13.jpeg 600w\" sizes=\"(max-width: 150px) 100vw, 150px\" \/><\/a>\n\t\t\t<\/dt>\n\t\t\t\t<dd class='wp-caption-text gallery-caption' id='gallery-1-10481'>\n\t\t\t\tContrada &#8211; 13\n\t\t\t\t<\/dd><\/dl><br style=\"clear: both\" \/><dl class='gallery-item'>\n\t\t\t<dt class='gallery-icon landscape'>\n\t\t\t\t<a href='https:\/\/rad-pol.com.pl\/tkaninydekoracyjne\/?attachment_id=10480'><img loading=\"lazy\" decoding=\"async\" width=\"150\" height=\"150\" src=\"https:\/\/rad-pol.com.pl\/tkaninydekoracyjne\/wp-content\/uploads\/sites\/3\/2024\/08\/Contrada-9-150x150.jpeg\" class=\"attachment-thumbnail size-thumbnail\" alt=\"Contrada - 9\" aria-describedby=\"gallery-1-10480\" srcset=\"https:\/\/rad-pol.com.pl\/tkaninydekoracyjne\/wp-content\/uploads\/sites\/3\/2024\/08\/Contrada-9-150x150.jpeg 150w, https:\/\/rad-pol.com.pl\/tkaninydekoracyjne\/wp-content\/uploads\/sites\/3\/2024\/08\/Contrada-9-300x300.jpeg 300w, https:\/\/rad-pol.com.pl\/tkaninydekoracyjne\/wp-content\/uploads\/sites\/3\/2024\/08\/Contrada-9-100x100.jpeg 100w, https:\/\/rad-pol.com.pl\/tkaninydekoracyjne\/wp-content\/uploads\/sites\/3\/2024\/08\/Contrada-9.jpeg 600w\" sizes=\"(max-width: 150px) 100vw, 150px\" \/><\/a>\n\t\t\t<\/dt>\n\t\t\t\t<dd class='wp-caption-text gallery-caption' id='gallery-1-10480'>\n\t\t\t\tContrada &#8211; 9\n\t\t\t\t<\/dd><\/dl><dl class='gallery-item'>\n\t\t\t<dt class='gallery-icon landscape'>\n\t\t\t\t<a href='https:\/\/rad-pol.com.pl\/tkaninydekoracyjne\/?attachment_id=10479'><img loading=\"lazy\" decoding=\"async\" width=\"150\" height=\"150\" src=\"https:\/\/rad-pol.com.pl\/tkaninydekoracyjne\/wp-content\/uploads\/sites\/3\/2024\/08\/Contrada-5-150x150.jpeg\" class=\"attachment-thumbnail size-thumbnail\" alt=\"Contrada - 5\" aria-describedby=\"gallery-1-10479\" srcset=\"https:\/\/rad-pol.com.pl\/tkaninydekoracyjne\/wp-content\/uploads\/sites\/3\/2024\/08\/Contrada-5-150x150.jpeg 150w, https:\/\/rad-pol.com.pl\/tkaninydekoracyjne\/wp-content\/uploads\/sites\/3\/2024\/08\/Contrada-5-300x300.jpeg 300w, https:\/\/rad-pol.com.pl\/tkaninydekoracyjne\/wp-content\/uploads\/sites\/3\/2024\/08\/Contrada-5-100x100.jpeg 100w, https:\/\/rad-pol.com.pl\/tkaninydekoracyjne\/wp-content\/uploads\/sites\/3\/2024\/08\/Contrada-5.jpeg 600w\" sizes=\"(max-width: 150px) 100vw, 150px\" \/><\/a>\n\t\t\t<\/dt>\n\t\t\t\t<dd class='wp-caption-text gallery-caption' id='gallery-1-10479'>\n\t\t\t\tContrada &#8211; 5\n\t\t\t\t<\/dd><\/dl><dl class='gallery-item'>\n\t\t\t<dt class='gallery-icon landscape'>\n\t\t\t\t<a href='https:\/\/rad-pol.com.pl\/tkaninydekoracyjne\/?attachment_id=10490'><img loading=\"lazy\" decoding=\"async\" width=\"150\" height=\"150\" src=\"https:\/\/rad-pol.com.pl\/tkaninydekoracyjne\/wp-content\/uploads\/sites\/3\/2024\/08\/Contrada-2-150x150.jpeg\" class=\"attachment-thumbnail size-thumbnail\" alt=\"Contrada - 2\" aria-describedby=\"gallery-1-10490\" srcset=\"https:\/\/rad-pol.com.pl\/tkaninydekoracyjne\/wp-content\/uploads\/sites\/3\/2024\/08\/Contrada-2-150x150.jpeg 150w, https:\/\/rad-pol.com.pl\/tkaninydekoracyjne\/wp-content\/uploads\/sites\/3\/2024\/08\/Contrada-2-300x300.jpeg 300w, https:\/\/rad-pol.com.pl\/tkaninydekoracyjne\/wp-content\/uploads\/sites\/3\/2024\/08\/Contrada-2-100x100.jpeg 100w, https:\/\/rad-pol.com.pl\/tkaninydekoracyjne\/wp-content\/uploads\/sites\/3\/2024\/08\/Contrada-2.jpeg 600w\" sizes=\"(max-width: 150px) 100vw, 150px\" \/><\/a>\n\t\t\t<\/dt>\n\t\t\t\t<dd class='wp-caption-text gallery-caption' id='gallery-1-10490'>\n\t\t\t\tContrada &#8211; 2\n\t\t\t\t<\/dd><\/dl>\n\t\t\t<br style='clear: both' \/>\n\t\t<\/div>\n\n","protected":false},"excerpt":{"rendered":"<p>&nbsp;<\/p>\n<div class=\"expandable\">\n<div><\/div>\n<div class=\"toSlide product_data\">\n<table>\n<tbody>\n<tr>\n<td>szeroko\u015b\u0107<\/td>\n<td>140<\/td>\n<\/tr>\n<tr>\n<td>ilo\u015b\u0107 kolor\u00f3w<\/td>\n<td>8<\/td>\n<\/tr>\n<tr>\n<td>kod art.<\/td>\n<td id=\"kod_art_val\">Contrada 17<\/td>\n<\/tr>\n<\/tbody>\n<\/table>\n<p>Pranie i czyszczenie:<\/p>\n<\/div>\n<\/div>\n<table>\n<tbody>\n<tr>\n<td><img decoding=\"async\" src=\"http:\/\/rad-pol.com.pl\/tkaninydekoracyjne\/wp-content\/uploads\/sites\/3\/2024\/05\/mozna-prac.png\" alt=\"mo\u017cna czy\u015bci\u0107 chemicznie\" \/><\/td>\n<td>mo\u017cna czy\u015bci\u0107 chemicznie<\/td>\n<\/tr>\n<tr>\n<td><img decoding=\"async\" src=\"http:\/\/rad-pol.com.pl\/tkaninydekoracyjne\/wp-content\/uploads\/sites\/3\/2024\/04\/etykieta-4338.png\" alt=\"nie wybiela\u0107\" \/><\/td>\n<td>nie wybiela\u0107<\/td>\n<\/tr>\n<tr>\n<td><img decoding=\"async\" src=\"http:\/\/rad-pol.com.pl\/tkaninydekoracyjne\/wp-content\/uploads\/sites\/3\/2024\/09\/etykieta-7256.png\" alt=\"pranie w temperaturze 30\u00b0C\" \/><\/td>\n<td>pranie w temperaturze 30\u00b0C<\/td>\n<\/tr>\n<tr>\n<td><img decoding=\"async\" src=\"http:\/\/rad-pol.com.pl\/tkaninydekoracyjne\/wp-content\/uploads\/sites\/3\/2024\/09\/etykieta-10519.png\" alt=\"prasowanie w temperaturze do 110 \u00b0C\" \/><\/td>\n<td>prasowanie w temperaturze do 110 \u00b0C<\/td>\n<\/tr>\n<\/tbody>\n<\/table>\n<p><img loading=\"lazy\" decoding=\"async\" class=\"alignnone size-full wp-image-1084\" src=\"http:\/\/rad-pol.com.pl\/tkaninydekoracyjne\/wp-content\/uploads\/sites\/3\/2023\/09\/zapraszamy.jpg\" alt=\"\" width=\"568\" height=\"226\" srcset=\"https:\/\/rad-pol.com.pl\/tkaninydekoracyjne\/wp-content\/uploads\/sites\/3\/2023\/09\/zapraszamy.jpg 568w, https:\/\/rad-pol.com.pl\/tkaninydekoracyjne\/wp-content\/uploads\/sites\/3\/2023\/09\/zapraszamy-300x119.jpg 300w, https:\/\/rad-pol.com.pl\/tkaninydekoracyjne\/wp-content\/uploads\/sites\/3\/2023\/09\/zapraszamy-500x199.jpg 500w\" sizes=\"(max-width: 568px) 100vw, 568px\" \/><\/p>\n","protected":false},"featured_media":10490,"comment_status":"open","ping_status":"closed","template":"","meta":[],"product_brand":[],"product_cat":[19],"product_tag":[53,55,52],"class_list":{"0":"post-10476","1":"product","2":"type-product","3":"status-publish","4":"has-post-thumbnail","6":"product_cat-obiciowe","7":"product_tag-dekoracyjna","8":"product_tag-gladka","9":"product_tag-obiciowa","11":"first","12":"outofstock","13":"shipping-taxable","14":"product-type-simple"},"yoast_head":"<!-- This site is optimized with the Yoast SEO plugin v27.4 - https:\/\/yoast.com\/product\/yoast-seo-wordpress\/ -->\n<title>Contrada - Rad-Pol Tkaniny<\/title>\n<meta name=\"description\" content=\"Tkanina Contrada\" \/>\n<meta name=\"robots\" content=\"index, follow, max-snippet:-1, max-image-preview:large, max-video-preview:-1\" \/>\n<link rel=\"canonical\" href=\"https:\/\/rad-pol.com.pl\/tkaninydekoracyjne\/produkt\/contrada\/\" \/>\n<meta property=\"og:locale\" content=\"pl_PL\" \/>\n<meta property=\"og:type\" content=\"article\" \/>\n<meta property=\"og:title\" content=\"Contrada - Rad-Pol Tkaniny\" \/>\n<meta property=\"og:description\" content=\"Tkanina Contrada\" \/>\n<meta property=\"og:url\" content=\"https:\/\/rad-pol.com.pl\/tkaninydekoracyjne\/produkt\/contrada\/\" \/>\n<meta property=\"og:site_name\" content=\"Rad-Pol Tkaniny\" \/>\n<meta property=\"article:publisher\" content=\"https:\/\/www.facebook.com\/RadPolTkaniny\" \/>\n<meta property=\"article:modified_time\" content=\"2024-10-22T10:04:03+00:00\" \/>\n<meta property=\"og:image\" content=\"http:\/\/rad-pol.com.pl\/tkaninydekoracyjne\/wp-content\/uploads\/sites\/3\/2024\/08\/Contrada-2.jpeg\" \/>\n\t<meta property=\"og:image:width\" content=\"600\" \/>\n\t<meta property=\"og:image:height\" content=\"600\" \/>\n\t<meta property=\"og:image:type\" content=\"image\/jpeg\" \/>\n<meta name=\"twitter:card\" content=\"summary_large_image\" \/>\n<meta name=\"twitter:label1\" content=\"Szacowany czas czytania\" \/>\n\t<meta name=\"twitter:data1\" content=\"1 minuta\" \/>\n<script type=\"application\/ld+json\" class=\"yoast-schema-graph\">{\"@context\":\"https:\\\/\\\/schema.org\",\"@graph\":[{\"@type\":\"WebPage\",\"@id\":\"https:\\\/\\\/rad-pol.com.pl\\\/tkaninydekoracyjne\\\/produkt\\\/contrada\\\/\",\"url\":\"https:\\\/\\\/rad-pol.com.pl\\\/tkaninydekoracyjne\\\/produkt\\\/contrada\\\/\",\"name\":\"Contrada - Rad-Pol Tkaniny\",\"isPartOf\":{\"@id\":\"https:\\\/\\\/rad-pol.com.pl\\\/tkaninydekoracyjne\\\/#website\"},\"primaryImageOfPage\":{\"@id\":\"https:\\\/\\\/rad-pol.com.pl\\\/tkaninydekoracyjne\\\/produkt\\\/contrada\\\/#primaryimage\"},\"image\":{\"@id\":\"https:\\\/\\\/rad-pol.com.pl\\\/tkaninydekoracyjne\\\/produkt\\\/contrada\\\/#primaryimage\"},\"thumbnailUrl\":\"https:\\\/\\\/rad-pol.com.pl\\\/tkaninydekoracyjne\\\/wp-content\\\/uploads\\\/sites\\\/3\\\/2024\\\/08\\\/Contrada-2.jpeg\",\"datePublished\":\"2024-08-22T12:19:31+00:00\",\"dateModified\":\"2024-10-22T10:04:03+00:00\",\"description\":\"Tkanina Contrada\",\"breadcrumb\":{\"@id\":\"https:\\\/\\\/rad-pol.com.pl\\\/tkaninydekoracyjne\\\/produkt\\\/contrada\\\/#breadcrumb\"},\"inLanguage\":\"pl-PL\",\"potentialAction\":[{\"@type\":\"ReadAction\",\"target\":[\"https:\\\/\\\/rad-pol.com.pl\\\/tkaninydekoracyjne\\\/produkt\\\/contrada\\\/\"]}]},{\"@type\":\"ImageObject\",\"inLanguage\":\"pl-PL\",\"@id\":\"https:\\\/\\\/rad-pol.com.pl\\\/tkaninydekoracyjne\\\/produkt\\\/contrada\\\/#primaryimage\",\"url\":\"https:\\\/\\\/rad-pol.com.pl\\\/tkaninydekoracyjne\\\/wp-content\\\/uploads\\\/sites\\\/3\\\/2024\\\/08\\\/Contrada-2.jpeg\",\"contentUrl\":\"https:\\\/\\\/rad-pol.com.pl\\\/tkaninydekoracyjne\\\/wp-content\\\/uploads\\\/sites\\\/3\\\/2024\\\/08\\\/Contrada-2.jpeg\",\"width\":600,\"height\":600,\"caption\":\"Contrada - 2\"},{\"@type\":\"BreadcrumbList\",\"@id\":\"https:\\\/\\\/rad-pol.com.pl\\\/tkaninydekoracyjne\\\/produkt\\\/contrada\\\/#breadcrumb\",\"itemListElement\":[{\"@type\":\"ListItem\",\"position\":1,\"name\":\"Strona g\u0142\u00f3wna\",\"item\":\"https:\\\/\\\/rad-pol.com.pl\\\/tkaninydekoracyjne\\\/\"},{\"@type\":\"ListItem\",\"position\":2,\"name\":\"Sklep\",\"item\":\"https:\\\/\\\/rad-pol.com.pl\\\/tkaninydekoracyjne\\\/sklep\\\/\"},{\"@type\":\"ListItem\",\"position\":3,\"name\":\"Contrada\"}]},{\"@type\":\"WebSite\",\"@id\":\"https:\\\/\\\/rad-pol.com.pl\\\/tkaninydekoracyjne\\\/#website\",\"url\":\"https:\\\/\\\/rad-pol.com.pl\\\/tkaninydekoracyjne\\\/\",\"name\":\"Rad-Pol Tkaniny\",\"description\":\"\",\"publisher\":{\"@id\":\"https:\\\/\\\/rad-pol.com.pl\\\/tkaninydekoracyjne\\\/#organization\"},\"potentialAction\":[{\"@type\":\"SearchAction\",\"target\":{\"@type\":\"EntryPoint\",\"urlTemplate\":\"https:\\\/\\\/rad-pol.com.pl\\\/tkaninydekoracyjne\\\/?s={search_term_string}\"},\"query-input\":{\"@type\":\"PropertyValueSpecification\",\"valueRequired\":true,\"valueName\":\"search_term_string\"}}],\"inLanguage\":\"pl-PL\"},{\"@type\":\"Organization\",\"@id\":\"https:\\\/\\\/rad-pol.com.pl\\\/tkaninydekoracyjne\\\/#organization\",\"name\":\"Rad-Pol Tkaniny\",\"url\":\"https:\\\/\\\/rad-pol.com.pl\\\/tkaninydekoracyjne\\\/\",\"logo\":{\"@type\":\"ImageObject\",\"inLanguage\":\"pl-PL\",\"@id\":\"https:\\\/\\\/rad-pol.com.pl\\\/tkaninydekoracyjne\\\/#\\\/schema\\\/logo\\\/image\\\/\",\"url\":\"https:\\\/\\\/rad-pol.com.pl\\\/tkaninydekoracyjne\\\/wp-content\\\/uploads\\\/sites\\\/3\\\/2024\\\/04\\\/RadPol-logo-www.png\",\"contentUrl\":\"https:\\\/\\\/rad-pol.com.pl\\\/tkaninydekoracyjne\\\/wp-content\\\/uploads\\\/sites\\\/3\\\/2024\\\/04\\\/RadPol-logo-www.png\",\"width\":300,\"height\":108,\"caption\":\"Rad-Pol Tkaniny\"},\"image\":{\"@id\":\"https:\\\/\\\/rad-pol.com.pl\\\/tkaninydekoracyjne\\\/#\\\/schema\\\/logo\\\/image\\\/\"},\"sameAs\":[\"https:\\\/\\\/www.facebook.com\\\/RadPolTkaniny\"]}]}<\/script>\n<!-- \/ Yoast SEO plugin. -->","yoast_head_json":{"title":"Contrada - Rad-Pol Tkaniny","description":"Tkanina Contrada","robots":{"index":"index","follow":"follow","max-snippet":"max-snippet:-1","max-image-preview":"max-image-preview:large","max-video-preview":"max-video-preview:-1"},"canonical":"https:\/\/rad-pol.com.pl\/tkaninydekoracyjne\/produkt\/contrada\/","og_locale":"pl_PL","og_type":"article","og_title":"Contrada - Rad-Pol Tkaniny","og_description":"Tkanina Contrada","og_url":"https:\/\/rad-pol.com.pl\/tkaninydekoracyjne\/produkt\/contrada\/","og_site_name":"Rad-Pol Tkaniny","article_publisher":"https:\/\/www.facebook.com\/RadPolTkaniny","article_modified_time":"2024-10-22T10:04:03+00:00","og_image":[{"width":600,"height":600,"url":"http:\/\/rad-pol.com.pl\/tkaninydekoracyjne\/wp-content\/uploads\/sites\/3\/2024\/08\/Contrada-2.jpeg","type":"image\/jpeg"}],"twitter_card":"summary_large_image","twitter_misc":{"Szacowany czas czytania":"1 minuta"},"schema":{"@context":"https:\/\/schema.org","@graph":[{"@type":"WebPage","@id":"https:\/\/rad-pol.com.pl\/tkaninydekoracyjne\/produkt\/contrada\/","url":"https:\/\/rad-pol.com.pl\/tkaninydekoracyjne\/produkt\/contrada\/","name":"Contrada - Rad-Pol Tkaniny","isPartOf":{"@id":"https:\/\/rad-pol.com.pl\/tkaninydekoracyjne\/#website"},"primaryImageOfPage":{"@id":"https:\/\/rad-pol.com.pl\/tkaninydekoracyjne\/produkt\/contrada\/#primaryimage"},"image":{"@id":"https:\/\/rad-pol.com.pl\/tkaninydekoracyjne\/produkt\/contrada\/#primaryimage"},"thumbnailUrl":"https:\/\/rad-pol.com.pl\/tkaninydekoracyjne\/wp-content\/uploads\/sites\/3\/2024\/08\/Contrada-2.jpeg","datePublished":"2024-08-22T12:19:31+00:00","dateModified":"2024-10-22T10:04:03+00:00","description":"Tkanina Contrada","breadcrumb":{"@id":"https:\/\/rad-pol.com.pl\/tkaninydekoracyjne\/produkt\/contrada\/#breadcrumb"},"inLanguage":"pl-PL","potentialAction":[{"@type":"ReadAction","target":["https:\/\/rad-pol.com.pl\/tkaninydekoracyjne\/produkt\/contrada\/"]}]},{"@type":"ImageObject","inLanguage":"pl-PL","@id":"https:\/\/rad-pol.com.pl\/tkaninydekoracyjne\/produkt\/contrada\/#primaryimage","url":"https:\/\/rad-pol.com.pl\/tkaninydekoracyjne\/wp-content\/uploads\/sites\/3\/2024\/08\/Contrada-2.jpeg","contentUrl":"https:\/\/rad-pol.com.pl\/tkaninydekoracyjne\/wp-content\/uploads\/sites\/3\/2024\/08\/Contrada-2.jpeg","width":600,"height":600,"caption":"Contrada - 2"},{"@type":"BreadcrumbList","@id":"https:\/\/rad-pol.com.pl\/tkaninydekoracyjne\/produkt\/contrada\/#breadcrumb","itemListElement":[{"@type":"ListItem","position":1,"name":"Strona g\u0142\u00f3wna","item":"https:\/\/rad-pol.com.pl\/tkaninydekoracyjne\/"},{"@type":"ListItem","position":2,"name":"Sklep","item":"https:\/\/rad-pol.com.pl\/tkaninydekoracyjne\/sklep\/"},{"@type":"ListItem","position":3,"name":"Contrada"}]},{"@type":"WebSite","@id":"https:\/\/rad-pol.com.pl\/tkaninydekoracyjne\/#website","url":"https:\/\/rad-pol.com.pl\/tkaninydekoracyjne\/","name":"Rad-Pol Tkaniny","description":"","publisher":{"@id":"https:\/\/rad-pol.com.pl\/tkaninydekoracyjne\/#organization"},"potentialAction":[{"@type":"SearchAction","target":{"@type":"EntryPoint","urlTemplate":"https:\/\/rad-pol.com.pl\/tkaninydekoracyjne\/?s={search_term_string}"},"query-input":{"@type":"PropertyValueSpecification","valueRequired":true,"valueName":"search_term_string"}}],"inLanguage":"pl-PL"},{"@type":"Organization","@id":"https:\/\/rad-pol.com.pl\/tkaninydekoracyjne\/#organization","name":"Rad-Pol Tkaniny","url":"https:\/\/rad-pol.com.pl\/tkaninydekoracyjne\/","logo":{"@type":"ImageObject","inLanguage":"pl-PL","@id":"https:\/\/rad-pol.com.pl\/tkaninydekoracyjne\/#\/schema\/logo\/image\/","url":"https:\/\/rad-pol.com.pl\/tkaninydekoracyjne\/wp-content\/uploads\/sites\/3\/2024\/04\/RadPol-logo-www.png","contentUrl":"https:\/\/rad-pol.com.pl\/tkaninydekoracyjne\/wp-content\/uploads\/sites\/3\/2024\/04\/RadPol-logo-www.png","width":300,"height":108,"caption":"Rad-Pol Tkaniny"},"image":{"@id":"https:\/\/rad-pol.com.pl\/tkaninydekoracyjne\/#\/schema\/logo\/image\/"},"sameAs":["https:\/\/www.facebook.com\/RadPolTkaniny"]}]}},"_links":{"self":[{"href":"https:\/\/rad-pol.com.pl\/tkaninydekoracyjne\/wp-json\/wp\/v2\/product\/10476","targetHints":{"allow":["GET"]}}],"collection":[{"href":"https:\/\/rad-pol.com.pl\/tkaninydekoracyjne\/wp-json\/wp\/v2\/product"}],"about":[{"href":"https:\/\/rad-pol.com.pl\/tkaninydekoracyjne\/wp-json\/wp\/v2\/types\/product"}],"replies":[{"embeddable":true,"href":"https:\/\/rad-pol.com.pl\/tkaninydekoracyjne\/wp-json\/wp\/v2\/comments?post=10476"}],"version-history":[{"count":2,"href":"https:\/\/rad-pol.com.pl\/tkaninydekoracyjne\/wp-json\/wp\/v2\/product\/10476\/revisions"}],"predecessor-version":[{"id":10499,"href":"https:\/\/rad-pol.com.pl\/tkaninydekoracyjne\/wp-json\/wp\/v2\/product\/10476\/revisions\/10499"}],"wp:featuredmedia":[{"embeddable":true,"href":"https:\/\/rad-pol.com.pl\/tkaninydekoracyjne\/wp-json\/wp\/v2\/media\/10490"}],"wp:attachment":[{"href":"https:\/\/rad-pol.com.pl\/tkaninydekoracyjne\/wp-json\/wp\/v2\/media?parent=10476"}],"wp:term":[{"taxonomy":"product_brand","embeddable":true,"href":"https:\/\/rad-pol.com.pl\/tkaninydekoracyjne\/wp-json\/wp\/v2\/product_brand?post=10476"},{"taxonomy":"product_cat","embeddable":true,"href":"https:\/\/rad-pol.com.pl\/tkaninydekoracyjne\/wp-json\/wp\/v2\/product_cat?post=10476"},{"taxonomy":"product_tag","embeddable":true,"href":"https:\/\/rad-pol.com.pl\/tkaninydekoracyjne\/wp-json\/wp\/v2\/product_tag?post=10476"}],"curies":[{"name":"wp","href":"https:\/\/api.w.org\/{rel}","templated":true}]}}