{"id":3900,"date":"2024-05-28T09:30:11","date_gmt":"2024-05-28T07:30:11","guid":{"rendered":"https:\/\/rad-pol.com.pl\/tkaninydekoracyjne\/?post_type=product&#038;p=3900"},"modified":"2024-09-22T08:48:43","modified_gmt":"2024-09-22T06:48:43","slug":"presto","status":"publish","type":"product","link":"https:\/\/rad-pol.com.pl\/tkaninydekoracyjne\/produkt\/presto\/","title":{"rendered":"Presto"},"content":{"rendered":"<p><strong>Tkanina PRESTO <\/strong>\u2013 Lekko\u015b\u0107 i Blask w Jednym<\/p>\n<p>Tkanina PRESTO o szeroko\u015bci 300 cm to elegancka propozycja dla os\u00f3b poszukuj\u0105cych subtelnych, dekoracyjnych rozwi\u0105za\u0144. Jej wyj\u0105tkowo\u015b\u0107 tkwi w po\u0142yskuj\u0105cych nitkach wplecionych w struktur\u0119, kt\u00f3re nadaj\u0105 tkaninie delikatny blask i luksusowy charakter.<\/p>\n<p>Cechy tkaniny PRESTO:<\/p>\n<ul>\n<li>Po\u0142yskuj\u0105ce nitki \u2013 subtelny blask dodaje tkaninie elegancji i wyrafinowania.<\/li>\n<li>Lu\u017any splot \u2013 idealny do tworzenia lekkich zas\u0142on, kt\u00f3re delikatnie filtruj\u0105 \u015bwiat\u0142o, nie zatrzymuj\u0105c promieni s\u0142onecznych, lecz nadaj\u0105c wn\u0119trzu przytulny klimat.<\/li>\n<li>Paleta kolorystyczna \u2013 dost\u0119pna w 5 stonowanych odcieniach be\u017cu i szaro\u015bci, kt\u00f3re harmonijnie wsp\u00f3\u0142graj\u0105 z po\u0142yskuj\u0105cymi ni\u0107mi, tworz\u0105c bogaty, ale nienachalny styl.<\/li>\n<\/ul>\n<p>Zastosowanie:<\/p>\n<ul>\n<li>Lekkie zas\u0142ony \u2013 doskona\u0142e do wn\u0119trz, kt\u00f3re potrzebuj\u0105 delikatnego przes\u0142oni\u0119cia okien, bez blokowania naturalnego \u015bwiat\u0142a.<\/li>\n<li>Dekoracje okienne \u2013 tkanina PRESTO wprowadzi do wn\u0119trza subteln\u0105 elegancj\u0119 i doda blasku, jednocze\u015bnie zachowuj\u0105c lekko\u015b\u0107 i \u015bwie\u017co\u015b\u0107.<\/li>\n<\/ul>\n<p>Tkanina PRESTO to idealny wyb\u00f3r dla os\u00f3b ceni\u0105cych delikatne, ale eleganckie rozwi\u0105zania, kt\u00f3re wprowadz\u0105 do wn\u0119trza przytuln\u0105, a zarazem luksusow\u0105 atmosfer\u0119.<\/p>\n<p>&nbsp;<\/p>\n<p>Dost\u0119pne kolory:<\/p>\n<table>\n<tbody>\n<tr>\n<td><img fetchpriority=\"high\" decoding=\"async\" class=\"alignnone size-full wp-image-3901\" src=\"http:\/\/rad-pol.com.pl\/tkaninydekoracyjne\/wp-content\/uploads\/sites\/3\/2024\/05\/Presto-101.jpeg\" alt=\"Presto - 101\" width=\"300\" height=\"300\" srcset=\"https:\/\/rad-pol.com.pl\/tkaninydekoracyjne\/wp-content\/uploads\/sites\/3\/2024\/05\/Presto-101.jpeg 600w, https:\/\/rad-pol.com.pl\/tkaninydekoracyjne\/wp-content\/uploads\/sites\/3\/2024\/05\/Presto-101-300x300.jpeg 300w, https:\/\/rad-pol.com.pl\/tkaninydekoracyjne\/wp-content\/uploads\/sites\/3\/2024\/05\/Presto-101-150x150.jpeg 150w, https:\/\/rad-pol.com.pl\/tkaninydekoracyjne\/wp-content\/uploads\/sites\/3\/2024\/05\/Presto-101-100x100.jpeg 100w\" sizes=\"(max-width: 300px) 100vw, 300px\" \/><\/td>\n<td><img decoding=\"async\" class=\"alignnone size-full wp-image-3902\" src=\"http:\/\/rad-pol.com.pl\/tkaninydekoracyjne\/wp-content\/uploads\/sites\/3\/2024\/05\/Presto-104.jpeg\" alt=\"Presto - 104\" width=\"300\" height=\"300\" srcset=\"https:\/\/rad-pol.com.pl\/tkaninydekoracyjne\/wp-content\/uploads\/sites\/3\/2024\/05\/Presto-104.jpeg 600w, https:\/\/rad-pol.com.pl\/tkaninydekoracyjne\/wp-content\/uploads\/sites\/3\/2024\/05\/Presto-104-300x300.jpeg 300w, https:\/\/rad-pol.com.pl\/tkaninydekoracyjne\/wp-content\/uploads\/sites\/3\/2024\/05\/Presto-104-150x150.jpeg 150w, https:\/\/rad-pol.com.pl\/tkaninydekoracyjne\/wp-content\/uploads\/sites\/3\/2024\/05\/Presto-104-100x100.jpeg 100w\" sizes=\"(max-width: 300px) 100vw, 300px\" \/><\/td>\n<td><img decoding=\"async\" class=\"alignnone size-full wp-image-3903\" src=\"http:\/\/rad-pol.com.pl\/tkaninydekoracyjne\/wp-content\/uploads\/sites\/3\/2024\/05\/Presto-115.jpeg\" alt=\"Presto - 115\" width=\"300\" height=\"300\" srcset=\"https:\/\/rad-pol.com.pl\/tkaninydekoracyjne\/wp-content\/uploads\/sites\/3\/2024\/05\/Presto-115.jpeg 600w, https:\/\/rad-pol.com.pl\/tkaninydekoracyjne\/wp-content\/uploads\/sites\/3\/2024\/05\/Presto-115-300x300.jpeg 300w, https:\/\/rad-pol.com.pl\/tkaninydekoracyjne\/wp-content\/uploads\/sites\/3\/2024\/05\/Presto-115-150x150.jpeg 150w, https:\/\/rad-pol.com.pl\/tkaninydekoracyjne\/wp-content\/uploads\/sites\/3\/2024\/05\/Presto-115-100x100.jpeg 100w\" sizes=\"(max-width: 300px) 100vw, 300px\" \/><\/td>\n<td><img loading=\"lazy\" decoding=\"async\" class=\"alignnone size-full wp-image-3904\" src=\"http:\/\/rad-pol.com.pl\/tkaninydekoracyjne\/wp-content\/uploads\/sites\/3\/2024\/05\/Presto-117.jpeg\" alt=\"Presto - 117\" width=\"300\" height=\"300\" srcset=\"https:\/\/rad-pol.com.pl\/tkaninydekoracyjne\/wp-content\/uploads\/sites\/3\/2024\/05\/Presto-117.jpeg 600w, https:\/\/rad-pol.com.pl\/tkaninydekoracyjne\/wp-content\/uploads\/sites\/3\/2024\/05\/Presto-117-300x300.jpeg 300w, https:\/\/rad-pol.com.pl\/tkaninydekoracyjne\/wp-content\/uploads\/sites\/3\/2024\/05\/Presto-117-150x150.jpeg 150w, https:\/\/rad-pol.com.pl\/tkaninydekoracyjne\/wp-content\/uploads\/sites\/3\/2024\/05\/Presto-117-100x100.jpeg 100w\" sizes=\"(max-width: 300px) 100vw, 300px\" \/><\/td>\n<td><img loading=\"lazy\" decoding=\"async\" class=\"alignnone size-full wp-image-3905\" src=\"http:\/\/rad-pol.com.pl\/tkaninydekoracyjne\/wp-content\/uploads\/sites\/3\/2024\/05\/Presto-370.jpeg\" alt=\"Presto - 370\" width=\"300\" height=\"300\" srcset=\"https:\/\/rad-pol.com.pl\/tkaninydekoracyjne\/wp-content\/uploads\/sites\/3\/2024\/05\/Presto-370.jpeg 600w, https:\/\/rad-pol.com.pl\/tkaninydekoracyjne\/wp-content\/uploads\/sites\/3\/2024\/05\/Presto-370-300x300.jpeg 300w, https:\/\/rad-pol.com.pl\/tkaninydekoracyjne\/wp-content\/uploads\/sites\/3\/2024\/05\/Presto-370-150x150.jpeg 150w, https:\/\/rad-pol.com.pl\/tkaninydekoracyjne\/wp-content\/uploads\/sites\/3\/2024\/05\/Presto-370-100x100.jpeg 100w\" sizes=\"(max-width: 300px) 100vw, 300px\" \/><\/td>\n<\/tr>\n<tr>\n<td>Presto &#8211; 101<\/td>\n<td>Presto &#8211; 104<\/td>\n<td>Presto &#8211; 115<\/td>\n<td>Presto &#8211; 117<\/td>\n<td>Presto &#8211; 370<\/td>\n<\/tr>\n<\/tbody>\n<\/table>\n","protected":false},"excerpt":{"rendered":"<table>\n<tbody>\n<tr>\n<td>szeroko\u015b\u0107<\/td>\n<td>300 cm +\/- 1-2cm<\/td>\n<\/tr>\n<tr>\n<td>rodzaj tkaniny<\/td>\n<td>zas\u0142onowo-dekoracyjna<\/td>\n<\/tr>\n<tr>\n<td>sk\u0142ad<\/td>\n<td>100% Poliester<\/td>\n<\/tr>\n<tr>\n<td>ilo\u015b\u0107 kolor\u00f3w<\/td>\n<td>5<\/td>\n<\/tr>\n<tr>\n<td>gramatura<\/td>\n<td>287 g\/m2<\/td>\n<\/tr>\n<\/tbody>\n<\/table>\n<p>Pranie i czyszczenie:<\/p>\n<table>\n<tbody>\n<tr>\n<td><img decoding=\"async\" src=\"http:\/\/rad-pol.com.pl\/tkaninydekoracyjne\/wp-content\/uploads\/sites\/3\/2024\/08\/etykieta-3815.png\" alt=\"nie czy\u015bci\u0107 chemicznie\" \/><\/td>\n<td>nie czy\u015bci\u0107 chemicznie<\/td>\n<\/tr>\n<tr>\n<td><img decoding=\"async\" src=\"http:\/\/rad-pol.com.pl\/tkaninydekoracyjne\/wp-content\/uploads\/sites\/3\/2024\/09\/etykieta-7256.png\" alt=\"pranie w temperaturze 30\u00b0C\" \/><\/td>\n<td>pranie w temperaturze 30\u00b0C<\/td>\n<\/tr>\n<tr>\n<td><img decoding=\"async\" src=\"http:\/\/rad-pol.com.pl\/tkaninydekoracyjne\/wp-content\/uploads\/sites\/3\/2024\/05\/pranie-delikatne.png\" alt=\"pranie delikatne\" \/><\/td>\n<td>pranie delikatne<\/td>\n<\/tr>\n<tr>\n<td><img decoding=\"async\" src=\"http:\/\/rad-pol.com.pl\/tkaninydekoracyjne\/wp-content\/uploads\/sites\/3\/2024\/09\/etykieta-10519.png\" alt=\"prasowanie w temperaturze do 110 \u00b0C\" \/><\/td>\n<td>prasowanie w temperaturze do 110 \u00b0C<\/td>\n<\/tr>\n<\/tbody>\n<\/table>\n<p><img loading=\"lazy\" decoding=\"async\" class=\"alignnone size-full wp-image-1084\" src=\"http:\/\/rad-pol.com.pl\/tkaninydekoracyjne\/wp-content\/uploads\/sites\/3\/2023\/09\/zapraszamy.jpg\" alt=\"\" width=\"568\" height=\"226\" srcset=\"https:\/\/rad-pol.com.pl\/tkaninydekoracyjne\/wp-content\/uploads\/sites\/3\/2023\/09\/zapraszamy.jpg 568w, https:\/\/rad-pol.com.pl\/tkaninydekoracyjne\/wp-content\/uploads\/sites\/3\/2023\/09\/zapraszamy-300x119.jpg 300w, https:\/\/rad-pol.com.pl\/tkaninydekoracyjne\/wp-content\/uploads\/sites\/3\/2023\/09\/zapraszamy-500x199.jpg 500w\" sizes=\"(max-width: 568px) 100vw, 568px\" \/><\/p>\n","protected":false},"featured_media":3905,"comment_status":"open","ping_status":"closed","template":"","meta":[],"product_brand":[],"product_cat":[46],"product_tag":[55,299],"class_list":{"0":"post-3900","1":"product","2":"type-product","3":"status-publish","4":"has-post-thumbnail","6":"product_cat-zaslonowe","7":"product_tag-gladka","8":"product_tag-strukturalna","10":"first","11":"onbackorder","12":"shipping-taxable","13":"product-type-simple"},"yoast_head":"<!-- This site is optimized with the Yoast SEO plugin v27.4 - https:\/\/yoast.com\/product\/yoast-seo-wordpress\/ -->\n<title>Presto - Rad-Pol Tkaniny<\/title>\n<meta name=\"description\" content=\"Tkanina PRESTO o szer. 300 cm to elegancka propozycja dla os\u00f3b poszukuj\u0105cych subtelnych rozwi\u0105za\u0144. Jej wyj\u0105tkowo\u015b\u0107 tkwi w po\u0142yskuj\u0105cych nitkach.\" \/>\n<meta name=\"robots\" content=\"index, follow, max-snippet:-1, max-image-preview:large, max-video-preview:-1\" \/>\n<link rel=\"canonical\" href=\"https:\/\/rad-pol.com.pl\/tkaninydekoracyjne\/produkt\/presto\/\" \/>\n<meta property=\"og:locale\" content=\"pl_PL\" \/>\n<meta property=\"og:type\" content=\"article\" \/>\n<meta property=\"og:title\" content=\"Presto - Rad-Pol Tkaniny\" \/>\n<meta property=\"og:description\" content=\"Tkanina PRESTO o szer. 300 cm to elegancka propozycja dla os\u00f3b poszukuj\u0105cych subtelnych rozwi\u0105za\u0144. Jej wyj\u0105tkowo\u015b\u0107 tkwi w po\u0142yskuj\u0105cych nitkach.\" \/>\n<meta property=\"og:url\" content=\"https:\/\/rad-pol.com.pl\/tkaninydekoracyjne\/produkt\/presto\/\" \/>\n<meta property=\"og:site_name\" content=\"Rad-Pol Tkaniny\" \/>\n<meta property=\"article:publisher\" content=\"https:\/\/www.facebook.com\/RadPolTkaniny\" \/>\n<meta property=\"article:modified_time\" content=\"2024-09-22T06:48:43+00:00\" \/>\n<meta property=\"og:image\" content=\"http:\/\/rad-pol.com.pl\/tkaninydekoracyjne\/wp-content\/uploads\/sites\/3\/2024\/05\/Presto-370.jpeg\" \/>\n\t<meta property=\"og:image:width\" content=\"600\" \/>\n\t<meta property=\"og:image:height\" content=\"600\" \/>\n\t<meta property=\"og:image:type\" content=\"image\/jpeg\" \/>\n<meta name=\"twitter:card\" content=\"summary_large_image\" \/>\n<meta name=\"twitter:label1\" content=\"Szacowany czas czytania\" \/>\n\t<meta name=\"twitter:data1\" content=\"3 minuty\" \/>\n<script type=\"application\/ld+json\" class=\"yoast-schema-graph\">{\"@context\":\"https:\\\/\\\/schema.org\",\"@graph\":[{\"@type\":\"WebPage\",\"@id\":\"https:\\\/\\\/rad-pol.com.pl\\\/tkaninydekoracyjne\\\/produkt\\\/presto\\\/\",\"url\":\"https:\\\/\\\/rad-pol.com.pl\\\/tkaninydekoracyjne\\\/produkt\\\/presto\\\/\",\"name\":\"Presto - Rad-Pol Tkaniny\",\"isPartOf\":{\"@id\":\"https:\\\/\\\/rad-pol.com.pl\\\/tkaninydekoracyjne\\\/#website\"},\"primaryImageOfPage\":{\"@id\":\"https:\\\/\\\/rad-pol.com.pl\\\/tkaninydekoracyjne\\\/produkt\\\/presto\\\/#primaryimage\"},\"image\":{\"@id\":\"https:\\\/\\\/rad-pol.com.pl\\\/tkaninydekoracyjne\\\/produkt\\\/presto\\\/#primaryimage\"},\"thumbnailUrl\":\"https:\\\/\\\/rad-pol.com.pl\\\/tkaninydekoracyjne\\\/wp-content\\\/uploads\\\/sites\\\/3\\\/2024\\\/05\\\/Presto-370.jpeg\",\"datePublished\":\"2024-05-28T07:30:11+00:00\",\"dateModified\":\"2024-09-22T06:48:43+00:00\",\"description\":\"Tkanina PRESTO o szer. 300 cm to elegancka propozycja dla os\u00f3b poszukuj\u0105cych subtelnych rozwi\u0105za\u0144. Jej wyj\u0105tkowo\u015b\u0107 tkwi w po\u0142yskuj\u0105cych nitkach.\",\"breadcrumb\":{\"@id\":\"https:\\\/\\\/rad-pol.com.pl\\\/tkaninydekoracyjne\\\/produkt\\\/presto\\\/#breadcrumb\"},\"inLanguage\":\"pl-PL\",\"potentialAction\":[{\"@type\":\"ReadAction\",\"target\":[\"https:\\\/\\\/rad-pol.com.pl\\\/tkaninydekoracyjne\\\/produkt\\\/presto\\\/\"]}]},{\"@type\":\"ImageObject\",\"inLanguage\":\"pl-PL\",\"@id\":\"https:\\\/\\\/rad-pol.com.pl\\\/tkaninydekoracyjne\\\/produkt\\\/presto\\\/#primaryimage\",\"url\":\"https:\\\/\\\/rad-pol.com.pl\\\/tkaninydekoracyjne\\\/wp-content\\\/uploads\\\/sites\\\/3\\\/2024\\\/05\\\/Presto-370.jpeg\",\"contentUrl\":\"https:\\\/\\\/rad-pol.com.pl\\\/tkaninydekoracyjne\\\/wp-content\\\/uploads\\\/sites\\\/3\\\/2024\\\/05\\\/Presto-370.jpeg\",\"width\":600,\"height\":600,\"caption\":\"Presto - 370\"},{\"@type\":\"BreadcrumbList\",\"@id\":\"https:\\\/\\\/rad-pol.com.pl\\\/tkaninydekoracyjne\\\/produkt\\\/presto\\\/#breadcrumb\",\"itemListElement\":[{\"@type\":\"ListItem\",\"position\":1,\"name\":\"Strona g\u0142\u00f3wna\",\"item\":\"https:\\\/\\\/rad-pol.com.pl\\\/tkaninydekoracyjne\\\/\"},{\"@type\":\"ListItem\",\"position\":2,\"name\":\"Sklep\",\"item\":\"https:\\\/\\\/rad-pol.com.pl\\\/tkaninydekoracyjne\\\/sklep\\\/\"},{\"@type\":\"ListItem\",\"position\":3,\"name\":\"Presto\"}]},{\"@type\":\"WebSite\",\"@id\":\"https:\\\/\\\/rad-pol.com.pl\\\/tkaninydekoracyjne\\\/#website\",\"url\":\"https:\\\/\\\/rad-pol.com.pl\\\/tkaninydekoracyjne\\\/\",\"name\":\"Rad-Pol Tkaniny\",\"description\":\"\",\"publisher\":{\"@id\":\"https:\\\/\\\/rad-pol.com.pl\\\/tkaninydekoracyjne\\\/#organization\"},\"potentialAction\":[{\"@type\":\"SearchAction\",\"target\":{\"@type\":\"EntryPoint\",\"urlTemplate\":\"https:\\\/\\\/rad-pol.com.pl\\\/tkaninydekoracyjne\\\/?s={search_term_string}\"},\"query-input\":{\"@type\":\"PropertyValueSpecification\",\"valueRequired\":true,\"valueName\":\"search_term_string\"}}],\"inLanguage\":\"pl-PL\"},{\"@type\":\"Organization\",\"@id\":\"https:\\\/\\\/rad-pol.com.pl\\\/tkaninydekoracyjne\\\/#organization\",\"name\":\"Rad-Pol Tkaniny\",\"url\":\"https:\\\/\\\/rad-pol.com.pl\\\/tkaninydekoracyjne\\\/\",\"logo\":{\"@type\":\"ImageObject\",\"inLanguage\":\"pl-PL\",\"@id\":\"https:\\\/\\\/rad-pol.com.pl\\\/tkaninydekoracyjne\\\/#\\\/schema\\\/logo\\\/image\\\/\",\"url\":\"https:\\\/\\\/rad-pol.com.pl\\\/tkaninydekoracyjne\\\/wp-content\\\/uploads\\\/sites\\\/3\\\/2024\\\/04\\\/RadPol-logo-www.png\",\"contentUrl\":\"https:\\\/\\\/rad-pol.com.pl\\\/tkaninydekoracyjne\\\/wp-content\\\/uploads\\\/sites\\\/3\\\/2024\\\/04\\\/RadPol-logo-www.png\",\"width\":300,\"height\":108,\"caption\":\"Rad-Pol Tkaniny\"},\"image\":{\"@id\":\"https:\\\/\\\/rad-pol.com.pl\\\/tkaninydekoracyjne\\\/#\\\/schema\\\/logo\\\/image\\\/\"},\"sameAs\":[\"https:\\\/\\\/www.facebook.com\\\/RadPolTkaniny\"]}]}<\/script>\n<!-- \/ Yoast SEO plugin. -->","yoast_head_json":{"title":"Presto - Rad-Pol Tkaniny","description":"Tkanina PRESTO o szer. 300 cm to elegancka propozycja dla os\u00f3b poszukuj\u0105cych subtelnych rozwi\u0105za\u0144. Jej wyj\u0105tkowo\u015b\u0107 tkwi w po\u0142yskuj\u0105cych nitkach.","robots":{"index":"index","follow":"follow","max-snippet":"max-snippet:-1","max-image-preview":"max-image-preview:large","max-video-preview":"max-video-preview:-1"},"canonical":"https:\/\/rad-pol.com.pl\/tkaninydekoracyjne\/produkt\/presto\/","og_locale":"pl_PL","og_type":"article","og_title":"Presto - Rad-Pol Tkaniny","og_description":"Tkanina PRESTO o szer. 300 cm to elegancka propozycja dla os\u00f3b poszukuj\u0105cych subtelnych rozwi\u0105za\u0144. Jej wyj\u0105tkowo\u015b\u0107 tkwi w po\u0142yskuj\u0105cych nitkach.","og_url":"https:\/\/rad-pol.com.pl\/tkaninydekoracyjne\/produkt\/presto\/","og_site_name":"Rad-Pol Tkaniny","article_publisher":"https:\/\/www.facebook.com\/RadPolTkaniny","article_modified_time":"2024-09-22T06:48:43+00:00","og_image":[{"width":600,"height":600,"url":"http:\/\/rad-pol.com.pl\/tkaninydekoracyjne\/wp-content\/uploads\/sites\/3\/2024\/05\/Presto-370.jpeg","type":"image\/jpeg"}],"twitter_card":"summary_large_image","twitter_misc":{"Szacowany czas czytania":"3 minuty"},"schema":{"@context":"https:\/\/schema.org","@graph":[{"@type":"WebPage","@id":"https:\/\/rad-pol.com.pl\/tkaninydekoracyjne\/produkt\/presto\/","url":"https:\/\/rad-pol.com.pl\/tkaninydekoracyjne\/produkt\/presto\/","name":"Presto - Rad-Pol Tkaniny","isPartOf":{"@id":"https:\/\/rad-pol.com.pl\/tkaninydekoracyjne\/#website"},"primaryImageOfPage":{"@id":"https:\/\/rad-pol.com.pl\/tkaninydekoracyjne\/produkt\/presto\/#primaryimage"},"image":{"@id":"https:\/\/rad-pol.com.pl\/tkaninydekoracyjne\/produkt\/presto\/#primaryimage"},"thumbnailUrl":"https:\/\/rad-pol.com.pl\/tkaninydekoracyjne\/wp-content\/uploads\/sites\/3\/2024\/05\/Presto-370.jpeg","datePublished":"2024-05-28T07:30:11+00:00","dateModified":"2024-09-22T06:48:43+00:00","description":"Tkanina PRESTO o szer. 300 cm to elegancka propozycja dla os\u00f3b poszukuj\u0105cych subtelnych rozwi\u0105za\u0144. Jej wyj\u0105tkowo\u015b\u0107 tkwi w po\u0142yskuj\u0105cych nitkach.","breadcrumb":{"@id":"https:\/\/rad-pol.com.pl\/tkaninydekoracyjne\/produkt\/presto\/#breadcrumb"},"inLanguage":"pl-PL","potentialAction":[{"@type":"ReadAction","target":["https:\/\/rad-pol.com.pl\/tkaninydekoracyjne\/produkt\/presto\/"]}]},{"@type":"ImageObject","inLanguage":"pl-PL","@id":"https:\/\/rad-pol.com.pl\/tkaninydekoracyjne\/produkt\/presto\/#primaryimage","url":"https:\/\/rad-pol.com.pl\/tkaninydekoracyjne\/wp-content\/uploads\/sites\/3\/2024\/05\/Presto-370.jpeg","contentUrl":"https:\/\/rad-pol.com.pl\/tkaninydekoracyjne\/wp-content\/uploads\/sites\/3\/2024\/05\/Presto-370.jpeg","width":600,"height":600,"caption":"Presto - 370"},{"@type":"BreadcrumbList","@id":"https:\/\/rad-pol.com.pl\/tkaninydekoracyjne\/produkt\/presto\/#breadcrumb","itemListElement":[{"@type":"ListItem","position":1,"name":"Strona g\u0142\u00f3wna","item":"https:\/\/rad-pol.com.pl\/tkaninydekoracyjne\/"},{"@type":"ListItem","position":2,"name":"Sklep","item":"https:\/\/rad-pol.com.pl\/tkaninydekoracyjne\/sklep\/"},{"@type":"ListItem","position":3,"name":"Presto"}]},{"@type":"WebSite","@id":"https:\/\/rad-pol.com.pl\/tkaninydekoracyjne\/#website","url":"https:\/\/rad-pol.com.pl\/tkaninydekoracyjne\/","name":"Rad-Pol Tkaniny","description":"","publisher":{"@id":"https:\/\/rad-pol.com.pl\/tkaninydekoracyjne\/#organization"},"potentialAction":[{"@type":"SearchAction","target":{"@type":"EntryPoint","urlTemplate":"https:\/\/rad-pol.com.pl\/tkaninydekoracyjne\/?s={search_term_string}"},"query-input":{"@type":"PropertyValueSpecification","valueRequired":true,"valueName":"search_term_string"}}],"inLanguage":"pl-PL"},{"@type":"Organization","@id":"https:\/\/rad-pol.com.pl\/tkaninydekoracyjne\/#organization","name":"Rad-Pol Tkaniny","url":"https:\/\/rad-pol.com.pl\/tkaninydekoracyjne\/","logo":{"@type":"ImageObject","inLanguage":"pl-PL","@id":"https:\/\/rad-pol.com.pl\/tkaninydekoracyjne\/#\/schema\/logo\/image\/","url":"https:\/\/rad-pol.com.pl\/tkaninydekoracyjne\/wp-content\/uploads\/sites\/3\/2024\/04\/RadPol-logo-www.png","contentUrl":"https:\/\/rad-pol.com.pl\/tkaninydekoracyjne\/wp-content\/uploads\/sites\/3\/2024\/04\/RadPol-logo-www.png","width":300,"height":108,"caption":"Rad-Pol Tkaniny"},"image":{"@id":"https:\/\/rad-pol.com.pl\/tkaninydekoracyjne\/#\/schema\/logo\/image\/"},"sameAs":["https:\/\/www.facebook.com\/RadPolTkaniny"]}]}},"_links":{"self":[{"href":"https:\/\/rad-pol.com.pl\/tkaninydekoracyjne\/wp-json\/wp\/v2\/product\/3900","targetHints":{"allow":["GET"]}}],"collection":[{"href":"https:\/\/rad-pol.com.pl\/tkaninydekoracyjne\/wp-json\/wp\/v2\/product"}],"about":[{"href":"https:\/\/rad-pol.com.pl\/tkaninydekoracyjne\/wp-json\/wp\/v2\/types\/product"}],"replies":[{"embeddable":true,"href":"https:\/\/rad-pol.com.pl\/tkaninydekoracyjne\/wp-json\/wp\/v2\/comments?post=3900"}],"version-history":[{"count":2,"href":"https:\/\/rad-pol.com.pl\/tkaninydekoracyjne\/wp-json\/wp\/v2\/product\/3900\/revisions"}],"predecessor-version":[{"id":13672,"href":"https:\/\/rad-pol.com.pl\/tkaninydekoracyjne\/wp-json\/wp\/v2\/product\/3900\/revisions\/13672"}],"wp:featuredmedia":[{"embeddable":true,"href":"https:\/\/rad-pol.com.pl\/tkaninydekoracyjne\/wp-json\/wp\/v2\/media\/3905"}],"wp:attachment":[{"href":"https:\/\/rad-pol.com.pl\/tkaninydekoracyjne\/wp-json\/wp\/v2\/media?parent=3900"}],"wp:term":[{"taxonomy":"product_brand","embeddable":true,"href":"https:\/\/rad-pol.com.pl\/tkaninydekoracyjne\/wp-json\/wp\/v2\/product_brand?post=3900"},{"taxonomy":"product_cat","embeddable":true,"href":"https:\/\/rad-pol.com.pl\/tkaninydekoracyjne\/wp-json\/wp\/v2\/product_cat?post=3900"},{"taxonomy":"product_tag","embeddable":true,"href":"https:\/\/rad-pol.com.pl\/tkaninydekoracyjne\/wp-json\/wp\/v2\/product_tag?post=3900"}],"curies":[{"name":"wp","href":"https:\/\/api.w.org\/{rel}","templated":true}]}}