{"id":7638,"date":"2024-07-25T11:00:30","date_gmt":"2024-07-25T09:00:30","guid":{"rendered":"https:\/\/rad-pol.com.pl\/tkaninydekoracyjne\/?post_type=product&#038;p=7638"},"modified":"2024-10-04T22:04:47","modified_gmt":"2024-10-04T20:04:47","slug":"pico","status":"publish","type":"product","link":"https:\/\/rad-pol.com.pl\/tkaninydekoracyjne\/produkt\/pico\/","title":{"rendered":"Pico"},"content":{"rendered":"<div class=\"flex-shrink-0 flex flex-col relative items-end\">\n<div>\n<div class=\"pt-0\">\n<div class=\"gizmo-bot-avatar flex h-8 w-8 items-center justify-center overflow-hidden rounded-full\">\n<div class=\"relative p-1 rounded-sm flex items-center justify-center bg-token-main-surface-primary text-token-text-primary h-8 w-8\"><strong>Kolekcja PICO<\/strong> to esencja artystycznego stylu, inspirowana malarstwem. Oferuje szeroko\u015b\u0107 280 cm i wyj\u0105tkow\u0105 kompozycj\u0119 materia\u0142ow\u0105 \u2013 35% bawe\u0142na, 65% poliester. Awangardowe, drukowane wzory przyci\u0105gaj\u0105 uwag\u0119 odwa\u017cnymi kszta\u0142tami i \u017cywymi kolorami, idealnie komponuj\u0105c si\u0119 z nowoczesnymi, tw\u00f3rczymi przestrzeniami.<\/div>\n<\/div>\n<\/div>\n<\/div>\n<\/div>\n<div class=\"group\/conversation-turn relative flex w-full min-w-0 flex-col agent-turn\">\n<div class=\"flex-col gap-1 md:gap-3\">\n<div class=\"flex max-w-full flex-col flex-grow\">\n<div class=\"min-h-8 text-message flex w-full flex-col items-end gap-2 whitespace-normal break-words [.text-message+&amp;]:mt-5\" dir=\"auto\" data-message-author-role=\"assistant\" data-message-id=\"4583356c-5707-4459-894f-28de9b520e76\">\n<div class=\"flex w-full flex-col gap-1 empty:hidden first:pt-[3px]\">\n<div class=\"markdown prose w-full break-words dark:prose-invert light\">\n<p>Zastosowanie tej kolekcji jest wszechstronne \u2013 doskonale sprawdzi si\u0119 w zas\u0142onach, roletach, obiciach mebli czy dekoracyjnych dodatkach.<\/p>\n<p>PICO to doskona\u0142y spos\u00f3b na nadanie wn\u0119trzom artystycznego wyrazu, szczeg\u00f3lnie w salonach, gdzie dynamiczne wzory mog\u0105 o\u017cywi\u0107 przestrze\u0144 i nada\u0107 jej wyrazisto\u015bci. R\u00f3wnie \u015bwietnie sprawdzi si\u0119 w pokojach m\u0142odzie\u017cowych i dzieci\u0119cych, gdzie jej energetyzuj\u0105ce kolory pobudz\u0105 kreatywno\u015b\u0107. To tak\u017ce idealny wyb\u00f3r dla m\u0142odych artyst\u00f3w, kt\u00f3rzy szukaj\u0105 wyj\u0105tkowych element\u00f3w dekoracyjnych, aby wyrazi\u0107 swoj\u0105 pasj\u0119 do sztuki.<\/p>\n<p>Dzi\u0119ki wysokiej trwa\u0142o\u015bci (Martindale 80.000 cykli) kolekcja PICO jest odporna na zu\u017cycie, gwarantuj\u0105c d\u0142ugowieczno\u015b\u0107 nawet w intensywnie u\u017cytkowanych przestrzeniach.<\/p>\n<p>&nbsp;<\/p>\n<\/div>\n<\/div>\n<\/div>\n<\/div>\n<\/div>\n<\/div>\n<p>Dost\u0119pne wzory:<\/p>\n<div class=\"qodef-m-text\">\n\n\t\t<style type=\"text\/css\">\n\t\t\t#gallery-1 {\n\t\t\t\tmargin: auto;\n\t\t\t}\n\t\t\t#gallery-1 .gallery-item {\n\t\t\t\tfloat: left;\n\t\t\t\tmargin-top: 10px;\n\t\t\t\ttext-align: center;\n\t\t\t\twidth: 20%;\n\t\t\t}\n\t\t\t#gallery-1 img {\n\t\t\t\tborder: 2px solid #cfcfcf;\n\t\t\t}\n\t\t\t#gallery-1 .gallery-caption {\n\t\t\t\tmargin-left: 0;\n\t\t\t}\n\t\t\t\/* see gallery_shortcode() in wp-includes\/media.php *\/\n\t\t<\/style>\n\t\t<div id='gallery-1' class='gallery galleryid-7638 gallery-columns-5 gallery-size-thumbnail'><dl class='gallery-item'>\n\t\t\t<dt class='gallery-icon landscape'>\n\t\t\t\t<a href='https:\/\/rad-pol.com.pl\/tkaninydekoracyjne\/?attachment_id=7639'><img decoding=\"async\" width=\"150\" height=\"150\" src=\"https:\/\/rad-pol.com.pl\/tkaninydekoracyjne\/wp-content\/uploads\/sites\/3\/2024\/07\/Pico-Avangarde-150x150.jpeg\" class=\"attachment-thumbnail size-thumbnail\" alt=\"Pico - Avangarde\" aria-describedby=\"gallery-1-7639\" srcset=\"https:\/\/rad-pol.com.pl\/tkaninydekoracyjne\/wp-content\/uploads\/sites\/3\/2024\/07\/Pico-Avangarde-150x150.jpeg 150w, https:\/\/rad-pol.com.pl\/tkaninydekoracyjne\/wp-content\/uploads\/sites\/3\/2024\/07\/Pico-Avangarde-300x300.jpeg 300w, https:\/\/rad-pol.com.pl\/tkaninydekoracyjne\/wp-content\/uploads\/sites\/3\/2024\/07\/Pico-Avangarde-100x100.jpeg 100w, https:\/\/rad-pol.com.pl\/tkaninydekoracyjne\/wp-content\/uploads\/sites\/3\/2024\/07\/Pico-Avangarde.jpeg 600w\" sizes=\"(max-width: 150px) 100vw, 150px\" \/><\/a>\n\t\t\t<\/dt>\n\t\t\t\t<dd class='wp-caption-text gallery-caption' id='gallery-1-7639'>\n\t\t\t\tPico &#8211; Avangarde\n\t\t\t\t<\/dd><\/dl><dl class='gallery-item'>\n\t\t\t<dt class='gallery-icon landscape'>\n\t\t\t\t<a href='https:\/\/rad-pol.com.pl\/tkaninydekoracyjne\/?attachment_id=7640'><img decoding=\"async\" width=\"150\" height=\"150\" src=\"https:\/\/rad-pol.com.pl\/tkaninydekoracyjne\/wp-content\/uploads\/sites\/3\/2024\/07\/Pico-Picasso-150x150.jpeg\" class=\"attachment-thumbnail size-thumbnail\" alt=\"Pico - Picasso\" aria-describedby=\"gallery-1-7640\" srcset=\"https:\/\/rad-pol.com.pl\/tkaninydekoracyjne\/wp-content\/uploads\/sites\/3\/2024\/07\/Pico-Picasso-150x150.jpeg 150w, https:\/\/rad-pol.com.pl\/tkaninydekoracyjne\/wp-content\/uploads\/sites\/3\/2024\/07\/Pico-Picasso-300x300.jpeg 300w, https:\/\/rad-pol.com.pl\/tkaninydekoracyjne\/wp-content\/uploads\/sites\/3\/2024\/07\/Pico-Picasso-100x100.jpeg 100w, https:\/\/rad-pol.com.pl\/tkaninydekoracyjne\/wp-content\/uploads\/sites\/3\/2024\/07\/Pico-Picasso.jpeg 600w\" sizes=\"(max-width: 150px) 100vw, 150px\" \/><\/a>\n\t\t\t<\/dt>\n\t\t\t\t<dd class='wp-caption-text gallery-caption' id='gallery-1-7640'>\n\t\t\t\tPico &#8211; Picasso\n\t\t\t\t<\/dd><\/dl><dl class='gallery-item'>\n\t\t\t<dt class='gallery-icon landscape'>\n\t\t\t\t<a href='https:\/\/rad-pol.com.pl\/tkaninydekoracyjne\/?attachment_id=7641'><img decoding=\"async\" width=\"150\" height=\"150\" src=\"https:\/\/rad-pol.com.pl\/tkaninydekoracyjne\/wp-content\/uploads\/sites\/3\/2024\/07\/Pico-Vincento-150x150.jpeg\" class=\"attachment-thumbnail size-thumbnail\" alt=\"Pico - Vincento\" aria-describedby=\"gallery-1-7641\" srcset=\"https:\/\/rad-pol.com.pl\/tkaninydekoracyjne\/wp-content\/uploads\/sites\/3\/2024\/07\/Pico-Vincento-150x150.jpeg 150w, https:\/\/rad-pol.com.pl\/tkaninydekoracyjne\/wp-content\/uploads\/sites\/3\/2024\/07\/Pico-Vincento-300x300.jpeg 300w, https:\/\/rad-pol.com.pl\/tkaninydekoracyjne\/wp-content\/uploads\/sites\/3\/2024\/07\/Pico-Vincento-100x100.jpeg 100w, https:\/\/rad-pol.com.pl\/tkaninydekoracyjne\/wp-content\/uploads\/sites\/3\/2024\/07\/Pico-Vincento.jpeg 600w\" sizes=\"(max-width: 150px) 100vw, 150px\" \/><\/a>\n\t\t\t<\/dt>\n\t\t\t\t<dd class='wp-caption-text gallery-caption' id='gallery-1-7641'>\n\t\t\t\tPico &#8211; Vincento\n\t\t\t\t<\/dd><\/dl>\n\t\t\t<br style='clear: both' \/>\n\t\t<\/div>\n\n<\/div>\n","protected":false},"excerpt":{"rendered":"<table>\n<tbody>\n<tr>\n<td>szeroko\u015b\u0107<\/td>\n<td>280cm +\/- 1-2cm<\/td>\n<\/tr>\n<tr>\n<td>sk\u0142ad<\/td>\n<td>65% poliester, 35% bawe\u0142na<\/td>\n<\/tr>\n<tr>\n<td>ilo\u015b\u0107 kolor\u00f3w<\/td>\n<td>3<\/td>\n<\/tr>\n<tr>\n<td>gramatura<\/td>\n<td>235 g\/m2<\/td>\n<\/tr>\n<tr>\n<td>\u015bcieralno\u015b\u0107 (martindale)<\/td>\n<td>80 000<\/td>\n<\/tr>\n<tr>\n<td>kod art.<\/td>\n<td id=\"kod_art_val\">Vincento<\/td>\n<\/tr>\n<\/tbody>\n<\/table>\n<p>Pranie i czyszczenie:<\/p>\n<table>\n<tbody>\n<tr>\n<td><img decoding=\"async\" src=\"http:\/\/rad-pol.com.pl\/tkaninydekoracyjne\/wp-content\/uploads\/sites\/3\/2024\/08\/etykieta-3815.png\" alt=\"nie czy\u015bci\u0107 chemicznie\" \/><\/td>\n<td>nie czy\u015bci\u0107 chemicznie<\/td>\n<\/tr>\n<tr>\n<td><img decoding=\"async\" src=\"http:\/\/rad-pol.com.pl\/tkaninydekoracyjne\/wp-content\/uploads\/sites\/3\/2024\/04\/etykieta-4338.png\" alt=\"nie wybiela\u0107\" \/><\/td>\n<td>nie wybiela\u0107<\/td>\n<\/tr>\n<tr>\n<td><img decoding=\"async\" src=\"http:\/\/rad-pol.com.pl\/tkaninydekoracyjne\/wp-content\/uploads\/sites\/3\/2024\/09\/pranie-w-temperaturze-40.png\" alt=\"pranie w temperaturze 40\u00b0C\" \/><\/td>\n<td>pranie w temperaturze 40\u00b0C<\/td>\n<\/tr>\n<tr>\n<td><img decoding=\"async\" src=\"http:\/\/rad-pol.com.pl\/tkaninydekoracyjne\/wp-content\/uploads\/sites\/3\/2024\/08\/prasowanie-150.png\" alt=\"prasowanie w temperaturze do 150 \u00b0C\" \/><\/td>\n<td>prasowanie w temperaturze do 150 \u00b0C<\/td>\n<\/tr>\n<\/tbody>\n<\/table>\n<p><img loading=\"lazy\" decoding=\"async\" class=\"alignnone size-full wp-image-1084\" src=\"http:\/\/rad-pol.com.pl\/tkaninydekoracyjne\/wp-content\/uploads\/sites\/3\/2023\/09\/zapraszamy.jpg\" alt=\"\" width=\"568\" height=\"226\" srcset=\"https:\/\/rad-pol.com.pl\/tkaninydekoracyjne\/wp-content\/uploads\/sites\/3\/2023\/09\/zapraszamy.jpg 568w, https:\/\/rad-pol.com.pl\/tkaninydekoracyjne\/wp-content\/uploads\/sites\/3\/2023\/09\/zapraszamy-300x119.jpg 300w, https:\/\/rad-pol.com.pl\/tkaninydekoracyjne\/wp-content\/uploads\/sites\/3\/2023\/09\/zapraszamy-500x199.jpg 500w\" sizes=\"(max-width: 568px) 100vw, 568px\" \/><\/p>\n","protected":false},"featured_media":7640,"comment_status":"open","ping_status":"closed","template":"","meta":[],"product_brand":[],"product_cat":[164,19,46],"product_tag":[147,53,280],"class_list":{"0":"post-7638","1":"product","2":"type-product","3":"status-publish","4":"has-post-thumbnail","6":"product_cat-bawelna","7":"product_cat-obiciowe","8":"product_cat-zaslonowe","9":"product_tag-bawelna","10":"product_tag-dekoracyjna","11":"product_tag-geometryczna","13":"first","14":"outofstock","15":"shipping-taxable","16":"product-type-simple"},"yoast_head":"<!-- This site is optimized with the Yoast SEO plugin v27.4 - https:\/\/yoast.com\/product\/yoast-seo-wordpress\/ -->\n<title>Pico - Rad-Pol Tkaniny<\/title>\n<meta name=\"robots\" content=\"index, follow, max-snippet:-1, max-image-preview:large, max-video-preview:-1\" \/>\n<link rel=\"canonical\" href=\"https:\/\/rad-pol.com.pl\/tkaninydekoracyjne\/produkt\/pico\/\" \/>\n<meta property=\"og:locale\" content=\"pl_PL\" \/>\n<meta property=\"og:type\" content=\"article\" \/>\n<meta property=\"og:title\" content=\"Pico - Rad-Pol Tkaniny\" \/>\n<meta property=\"og:description\" content=\"szeroko\u015b\u0107 280cm +\/- 1-2cm   sk\u0142ad 65% poliester, 35% bawe\u0142na   ilo\u015b\u0107 kolor\u00f3w 3   gramatura 235 g\/m2   \u015bcieralno\u015b\u0107 (martindale) 80 000   kod art. Vincento    Pranie i czyszczenie:     nie czy\u015bci\u0107 chemicznie    nie wybiela\u0107    pranie w temperaturze 40\u00b0C    prasowanie w temperaturze do 150 \u00b0C\" \/>\n<meta property=\"og:url\" content=\"https:\/\/rad-pol.com.pl\/tkaninydekoracyjne\/produkt\/pico\/\" \/>\n<meta property=\"og:site_name\" content=\"Rad-Pol Tkaniny\" \/>\n<meta property=\"article:publisher\" content=\"https:\/\/www.facebook.com\/RadPolTkaniny\" \/>\n<meta property=\"article:modified_time\" content=\"2024-10-04T20:04:47+00:00\" \/>\n<meta property=\"og:image\" content=\"http:\/\/rad-pol.com.pl\/tkaninydekoracyjne\/wp-content\/uploads\/sites\/3\/2024\/07\/Pico-Picasso.jpeg\" \/>\n\t<meta property=\"og:image:width\" content=\"600\" \/>\n\t<meta property=\"og:image:height\" content=\"600\" \/>\n\t<meta property=\"og:image:type\" content=\"image\/jpeg\" \/>\n<meta name=\"twitter:card\" content=\"summary_large_image\" \/>\n<meta name=\"twitter:label1\" content=\"Szacowany czas czytania\" \/>\n\t<meta name=\"twitter:data1\" content=\"1 minuta\" \/>\n<script type=\"application\/ld+json\" class=\"yoast-schema-graph\">{\"@context\":\"https:\\\/\\\/schema.org\",\"@graph\":[{\"@type\":\"WebPage\",\"@id\":\"https:\\\/\\\/rad-pol.com.pl\\\/tkaninydekoracyjne\\\/produkt\\\/pico\\\/\",\"url\":\"https:\\\/\\\/rad-pol.com.pl\\\/tkaninydekoracyjne\\\/produkt\\\/pico\\\/\",\"name\":\"Pico - Rad-Pol Tkaniny\",\"isPartOf\":{\"@id\":\"https:\\\/\\\/rad-pol.com.pl\\\/tkaninydekoracyjne\\\/#website\"},\"primaryImageOfPage\":{\"@id\":\"https:\\\/\\\/rad-pol.com.pl\\\/tkaninydekoracyjne\\\/produkt\\\/pico\\\/#primaryimage\"},\"image\":{\"@id\":\"https:\\\/\\\/rad-pol.com.pl\\\/tkaninydekoracyjne\\\/produkt\\\/pico\\\/#primaryimage\"},\"thumbnailUrl\":\"https:\\\/\\\/rad-pol.com.pl\\\/tkaninydekoracyjne\\\/wp-content\\\/uploads\\\/sites\\\/3\\\/2024\\\/07\\\/Pico-Picasso.jpeg\",\"datePublished\":\"2024-07-25T09:00:30+00:00\",\"dateModified\":\"2024-10-04T20:04:47+00:00\",\"breadcrumb\":{\"@id\":\"https:\\\/\\\/rad-pol.com.pl\\\/tkaninydekoracyjne\\\/produkt\\\/pico\\\/#breadcrumb\"},\"inLanguage\":\"pl-PL\",\"potentialAction\":[{\"@type\":\"ReadAction\",\"target\":[\"https:\\\/\\\/rad-pol.com.pl\\\/tkaninydekoracyjne\\\/produkt\\\/pico\\\/\"]}]},{\"@type\":\"ImageObject\",\"inLanguage\":\"pl-PL\",\"@id\":\"https:\\\/\\\/rad-pol.com.pl\\\/tkaninydekoracyjne\\\/produkt\\\/pico\\\/#primaryimage\",\"url\":\"https:\\\/\\\/rad-pol.com.pl\\\/tkaninydekoracyjne\\\/wp-content\\\/uploads\\\/sites\\\/3\\\/2024\\\/07\\\/Pico-Picasso.jpeg\",\"contentUrl\":\"https:\\\/\\\/rad-pol.com.pl\\\/tkaninydekoracyjne\\\/wp-content\\\/uploads\\\/sites\\\/3\\\/2024\\\/07\\\/Pico-Picasso.jpeg\",\"width\":600,\"height\":600,\"caption\":\"Pico - Picasso\"},{\"@type\":\"BreadcrumbList\",\"@id\":\"https:\\\/\\\/rad-pol.com.pl\\\/tkaninydekoracyjne\\\/produkt\\\/pico\\\/#breadcrumb\",\"itemListElement\":[{\"@type\":\"ListItem\",\"position\":1,\"name\":\"Strona g\u0142\u00f3wna\",\"item\":\"https:\\\/\\\/rad-pol.com.pl\\\/tkaninydekoracyjne\\\/\"},{\"@type\":\"ListItem\",\"position\":2,\"name\":\"Sklep\",\"item\":\"https:\\\/\\\/rad-pol.com.pl\\\/tkaninydekoracyjne\\\/sklep\\\/\"},{\"@type\":\"ListItem\",\"position\":3,\"name\":\"Pico\"}]},{\"@type\":\"WebSite\",\"@id\":\"https:\\\/\\\/rad-pol.com.pl\\\/tkaninydekoracyjne\\\/#website\",\"url\":\"https:\\\/\\\/rad-pol.com.pl\\\/tkaninydekoracyjne\\\/\",\"name\":\"Rad-Pol Tkaniny\",\"description\":\"\",\"publisher\":{\"@id\":\"https:\\\/\\\/rad-pol.com.pl\\\/tkaninydekoracyjne\\\/#organization\"},\"potentialAction\":[{\"@type\":\"SearchAction\",\"target\":{\"@type\":\"EntryPoint\",\"urlTemplate\":\"https:\\\/\\\/rad-pol.com.pl\\\/tkaninydekoracyjne\\\/?s={search_term_string}\"},\"query-input\":{\"@type\":\"PropertyValueSpecification\",\"valueRequired\":true,\"valueName\":\"search_term_string\"}}],\"inLanguage\":\"pl-PL\"},{\"@type\":\"Organization\",\"@id\":\"https:\\\/\\\/rad-pol.com.pl\\\/tkaninydekoracyjne\\\/#organization\",\"name\":\"Rad-Pol Tkaniny\",\"url\":\"https:\\\/\\\/rad-pol.com.pl\\\/tkaninydekoracyjne\\\/\",\"logo\":{\"@type\":\"ImageObject\",\"inLanguage\":\"pl-PL\",\"@id\":\"https:\\\/\\\/rad-pol.com.pl\\\/tkaninydekoracyjne\\\/#\\\/schema\\\/logo\\\/image\\\/\",\"url\":\"https:\\\/\\\/rad-pol.com.pl\\\/tkaninydekoracyjne\\\/wp-content\\\/uploads\\\/sites\\\/3\\\/2024\\\/04\\\/RadPol-logo-www.png\",\"contentUrl\":\"https:\\\/\\\/rad-pol.com.pl\\\/tkaninydekoracyjne\\\/wp-content\\\/uploads\\\/sites\\\/3\\\/2024\\\/04\\\/RadPol-logo-www.png\",\"width\":300,\"height\":108,\"caption\":\"Rad-Pol Tkaniny\"},\"image\":{\"@id\":\"https:\\\/\\\/rad-pol.com.pl\\\/tkaninydekoracyjne\\\/#\\\/schema\\\/logo\\\/image\\\/\"},\"sameAs\":[\"https:\\\/\\\/www.facebook.com\\\/RadPolTkaniny\"]}]}<\/script>\n<!-- \/ Yoast SEO plugin. -->","yoast_head_json":{"title":"Pico - Rad-Pol Tkaniny","robots":{"index":"index","follow":"follow","max-snippet":"max-snippet:-1","max-image-preview":"max-image-preview:large","max-video-preview":"max-video-preview:-1"},"canonical":"https:\/\/rad-pol.com.pl\/tkaninydekoracyjne\/produkt\/pico\/","og_locale":"pl_PL","og_type":"article","og_title":"Pico - Rad-Pol Tkaniny","og_description":"szeroko\u015b\u0107 280cm +\/- 1-2cm   sk\u0142ad 65% poliester, 35% bawe\u0142na   ilo\u015b\u0107 kolor\u00f3w 3   gramatura 235 g\/m2   \u015bcieralno\u015b\u0107 (martindale) 80 000   kod art. Vincento    Pranie i czyszczenie:     nie czy\u015bci\u0107 chemicznie    nie wybiela\u0107    pranie w temperaturze 40\u00b0C    prasowanie w temperaturze do 150 \u00b0C","og_url":"https:\/\/rad-pol.com.pl\/tkaninydekoracyjne\/produkt\/pico\/","og_site_name":"Rad-Pol Tkaniny","article_publisher":"https:\/\/www.facebook.com\/RadPolTkaniny","article_modified_time":"2024-10-04T20:04:47+00:00","og_image":[{"width":600,"height":600,"url":"http:\/\/rad-pol.com.pl\/tkaninydekoracyjne\/wp-content\/uploads\/sites\/3\/2024\/07\/Pico-Picasso.jpeg","type":"image\/jpeg"}],"twitter_card":"summary_large_image","twitter_misc":{"Szacowany czas czytania":"1 minuta"},"schema":{"@context":"https:\/\/schema.org","@graph":[{"@type":"WebPage","@id":"https:\/\/rad-pol.com.pl\/tkaninydekoracyjne\/produkt\/pico\/","url":"https:\/\/rad-pol.com.pl\/tkaninydekoracyjne\/produkt\/pico\/","name":"Pico - Rad-Pol Tkaniny","isPartOf":{"@id":"https:\/\/rad-pol.com.pl\/tkaninydekoracyjne\/#website"},"primaryImageOfPage":{"@id":"https:\/\/rad-pol.com.pl\/tkaninydekoracyjne\/produkt\/pico\/#primaryimage"},"image":{"@id":"https:\/\/rad-pol.com.pl\/tkaninydekoracyjne\/produkt\/pico\/#primaryimage"},"thumbnailUrl":"https:\/\/rad-pol.com.pl\/tkaninydekoracyjne\/wp-content\/uploads\/sites\/3\/2024\/07\/Pico-Picasso.jpeg","datePublished":"2024-07-25T09:00:30+00:00","dateModified":"2024-10-04T20:04:47+00:00","breadcrumb":{"@id":"https:\/\/rad-pol.com.pl\/tkaninydekoracyjne\/produkt\/pico\/#breadcrumb"},"inLanguage":"pl-PL","potentialAction":[{"@type":"ReadAction","target":["https:\/\/rad-pol.com.pl\/tkaninydekoracyjne\/produkt\/pico\/"]}]},{"@type":"ImageObject","inLanguage":"pl-PL","@id":"https:\/\/rad-pol.com.pl\/tkaninydekoracyjne\/produkt\/pico\/#primaryimage","url":"https:\/\/rad-pol.com.pl\/tkaninydekoracyjne\/wp-content\/uploads\/sites\/3\/2024\/07\/Pico-Picasso.jpeg","contentUrl":"https:\/\/rad-pol.com.pl\/tkaninydekoracyjne\/wp-content\/uploads\/sites\/3\/2024\/07\/Pico-Picasso.jpeg","width":600,"height":600,"caption":"Pico - Picasso"},{"@type":"BreadcrumbList","@id":"https:\/\/rad-pol.com.pl\/tkaninydekoracyjne\/produkt\/pico\/#breadcrumb","itemListElement":[{"@type":"ListItem","position":1,"name":"Strona g\u0142\u00f3wna","item":"https:\/\/rad-pol.com.pl\/tkaninydekoracyjne\/"},{"@type":"ListItem","position":2,"name":"Sklep","item":"https:\/\/rad-pol.com.pl\/tkaninydekoracyjne\/sklep\/"},{"@type":"ListItem","position":3,"name":"Pico"}]},{"@type":"WebSite","@id":"https:\/\/rad-pol.com.pl\/tkaninydekoracyjne\/#website","url":"https:\/\/rad-pol.com.pl\/tkaninydekoracyjne\/","name":"Rad-Pol Tkaniny","description":"","publisher":{"@id":"https:\/\/rad-pol.com.pl\/tkaninydekoracyjne\/#organization"},"potentialAction":[{"@type":"SearchAction","target":{"@type":"EntryPoint","urlTemplate":"https:\/\/rad-pol.com.pl\/tkaninydekoracyjne\/?s={search_term_string}"},"query-input":{"@type":"PropertyValueSpecification","valueRequired":true,"valueName":"search_term_string"}}],"inLanguage":"pl-PL"},{"@type":"Organization","@id":"https:\/\/rad-pol.com.pl\/tkaninydekoracyjne\/#organization","name":"Rad-Pol Tkaniny","url":"https:\/\/rad-pol.com.pl\/tkaninydekoracyjne\/","logo":{"@type":"ImageObject","inLanguage":"pl-PL","@id":"https:\/\/rad-pol.com.pl\/tkaninydekoracyjne\/#\/schema\/logo\/image\/","url":"https:\/\/rad-pol.com.pl\/tkaninydekoracyjne\/wp-content\/uploads\/sites\/3\/2024\/04\/RadPol-logo-www.png","contentUrl":"https:\/\/rad-pol.com.pl\/tkaninydekoracyjne\/wp-content\/uploads\/sites\/3\/2024\/04\/RadPol-logo-www.png","width":300,"height":108,"caption":"Rad-Pol Tkaniny"},"image":{"@id":"https:\/\/rad-pol.com.pl\/tkaninydekoracyjne\/#\/schema\/logo\/image\/"},"sameAs":["https:\/\/www.facebook.com\/RadPolTkaniny"]}]}},"_links":{"self":[{"href":"https:\/\/rad-pol.com.pl\/tkaninydekoracyjne\/wp-json\/wp\/v2\/product\/7638","targetHints":{"allow":["GET"]}}],"collection":[{"href":"https:\/\/rad-pol.com.pl\/tkaninydekoracyjne\/wp-json\/wp\/v2\/product"}],"about":[{"href":"https:\/\/rad-pol.com.pl\/tkaninydekoracyjne\/wp-json\/wp\/v2\/types\/product"}],"replies":[{"embeddable":true,"href":"https:\/\/rad-pol.com.pl\/tkaninydekoracyjne\/wp-json\/wp\/v2\/comments?post=7638"}],"version-history":[{"count":4,"href":"https:\/\/rad-pol.com.pl\/tkaninydekoracyjne\/wp-json\/wp\/v2\/product\/7638\/revisions"}],"predecessor-version":[{"id":13896,"href":"https:\/\/rad-pol.com.pl\/tkaninydekoracyjne\/wp-json\/wp\/v2\/product\/7638\/revisions\/13896"}],"wp:featuredmedia":[{"embeddable":true,"href":"https:\/\/rad-pol.com.pl\/tkaninydekoracyjne\/wp-json\/wp\/v2\/media\/7640"}],"wp:attachment":[{"href":"https:\/\/rad-pol.com.pl\/tkaninydekoracyjne\/wp-json\/wp\/v2\/media?parent=7638"}],"wp:term":[{"taxonomy":"product_brand","embeddable":true,"href":"https:\/\/rad-pol.com.pl\/tkaninydekoracyjne\/wp-json\/wp\/v2\/product_brand?post=7638"},{"taxonomy":"product_cat","embeddable":true,"href":"https:\/\/rad-pol.com.pl\/tkaninydekoracyjne\/wp-json\/wp\/v2\/product_cat?post=7638"},{"taxonomy":"product_tag","embeddable":true,"href":"https:\/\/rad-pol.com.pl\/tkaninydekoracyjne\/wp-json\/wp\/v2\/product_tag?post=7638"}],"curies":[{"name":"wp","href":"https:\/\/api.w.org\/{rel}","templated":true}]}}