{"id":9354,"date":"2024-08-06T11:57:21","date_gmt":"2024-08-06T09:57:21","guid":{"rendered":"https:\/\/rad-pol.com.pl\/tkaninydekoracyjne\/?post_type=product&#038;p=9354"},"modified":"2025-05-24T23:22:41","modified_gmt":"2025-05-24T21:22:41","slug":"alpacino","status":"publish","type":"product","link":"https:\/\/rad-pol.com.pl\/tkaninydekoracyjne\/produkt\/alpacino\/","title":{"rendered":"Alpacino"},"content":{"rendered":"<p>Tkanina <strong>ALPACINO<\/strong> o szeroko\u015bci 280 cm to wyj\u0105tkowy materia\u0142, kt\u00f3ry \u0142\u0105czy w sobie 55% lnu i 35% bawe\u0142ny. Dzi\u0119ki grubemu splotowi i wysokiej gramaturze 580 g\/m\u00b2, tkanina ta oferuje nie tylko estetyk\u0119, ale tak\u017ce trwa\u0142o\u015b\u0107. Z imponuj\u0105c\u0105 warto\u015bci\u0105 Martindale wynosz\u0105c\u0105 35.000, ALPACINO sprawdzi si\u0119 w intensywnie u\u017cytkowanych przestrzeniach.<\/p>\n<p>Zastosowanie tkaniny ALPACINO:<\/p>\n<ol>\n<li>Zas\u0142ony: Doskona\u0142a na eleganckie zas\u0142ony, kt\u00f3re wprowadz\u0105 do wn\u0119trza przytulno\u015b\u0107 oraz styl. Jej grubo\u015b\u0107 zapewni komfort i ochron\u0119 przed s\u0142o\u0144cem.<\/li>\n<li>Obicia mebli: Idealna do tapicerowania mebli, takich jak sofy czy fotele. Tkanina jest odporna na zu\u017cycie, co sprawia, \u017ce b\u0119dzie wygl\u0105da\u0107 \u015bwietnie przez d\u0142ugi czas.<\/li>\n<li>Dekoracje: ALPACINO sprawdzi si\u0119 jako materia\u0142 na poduszki dekoracyjne, nadaj\u0105c wn\u0119trzu wyj\u0105tkowego charakteru.<\/li>\n<\/ol>\n<p>Wn\u0119trza, w kt\u00f3rych sprawdzi si\u0119 tkanina ALPACINO:<\/p>\n<ul>\n<li>Styl skandynawski: Naturalne odcienie tkaniny w po\u0142\u0105czeniu z prostot\u0105 form sprawiaj\u0105, \u017ce ALPACINO idealnie wpisuje si\u0119 w skandynawskie aran\u017cacje.<\/li>\n<li>Styl rustykalny: Dzi\u0119ki naturalnemu wygl\u0105dowi, tkanina doskonale komponuje si\u0119 w wn\u0119trzach rustykalnych, dodaj\u0105c im przytulno\u015bci.<\/li>\n<\/ul>\n<p>Tkanina ALPACINO to doskona\u0142y wyb\u00f3r dla os\u00f3b ceni\u0105cych naturalne materia\u0142y, trwa\u0142o\u015b\u0107 oraz elegancj\u0119. Dzi\u0119ki swoim w\u0142a\u015bciwo\u015bciom, b\u0119dzie idealnym uzupe\u0142nieniem ka\u017cdego stylowego wn\u0119trza.<\/p>\n<p>&nbsp;<\/p>\n<p>Dost\u0119pne kolory:<\/p>\n\n\t\t<style type=\"text\/css\">\n\t\t\t#gallery-1 {\n\t\t\t\tmargin: auto;\n\t\t\t}\n\t\t\t#gallery-1 .gallery-item {\n\t\t\t\tfloat: left;\n\t\t\t\tmargin-top: 10px;\n\t\t\t\ttext-align: center;\n\t\t\t\twidth: 20%;\n\t\t\t}\n\t\t\t#gallery-1 img {\n\t\t\t\tborder: 2px solid #cfcfcf;\n\t\t\t}\n\t\t\t#gallery-1 .gallery-caption {\n\t\t\t\tmargin-left: 0;\n\t\t\t}\n\t\t\t\/* see gallery_shortcode() in wp-includes\/media.php *\/\n\t\t<\/style>\n\t\t<div id='gallery-1' class='gallery galleryid-9354 gallery-columns-5 gallery-size-thumbnail'><dl class='gallery-item'>\n\t\t\t<dt class='gallery-icon landscape'>\n\t\t\t\t<a href='https:\/\/rad-pol.com.pl\/tkaninydekoracyjne\/?attachment_id=9355'><img decoding=\"async\" width=\"150\" height=\"150\" src=\"https:\/\/rad-pol.com.pl\/tkaninydekoracyjne\/wp-content\/uploads\/sites\/3\/2024\/08\/Blanco-2-150x150.jpeg\" class=\"attachment-thumbnail size-thumbnail\" alt=\"\" aria-describedby=\"gallery-1-9355\" srcset=\"https:\/\/rad-pol.com.pl\/tkaninydekoracyjne\/wp-content\/uploads\/sites\/3\/2024\/08\/Blanco-2-150x150.jpeg 150w, https:\/\/rad-pol.com.pl\/tkaninydekoracyjne\/wp-content\/uploads\/sites\/3\/2024\/08\/Blanco-2-300x300.jpeg 300w, https:\/\/rad-pol.com.pl\/tkaninydekoracyjne\/wp-content\/uploads\/sites\/3\/2024\/08\/Blanco-2-100x100.jpeg 100w, https:\/\/rad-pol.com.pl\/tkaninydekoracyjne\/wp-content\/uploads\/sites\/3\/2024\/08\/Blanco-2.jpeg 600w\" sizes=\"(max-width: 150px) 100vw, 150px\" \/><\/a>\n\t\t\t<\/dt>\n\t\t\t\t<dd class='wp-caption-text gallery-caption' id='gallery-1-9355'>\n\t\t\t\tBlanco\n\t\t\t\t<\/dd><\/dl><dl class='gallery-item'>\n\t\t\t<dt class='gallery-icon landscape'>\n\t\t\t\t<a href='https:\/\/rad-pol.com.pl\/tkaninydekoracyjne\/?attachment_id=9356'><img decoding=\"async\" width=\"150\" height=\"150\" src=\"https:\/\/rad-pol.com.pl\/tkaninydekoracyjne\/wp-content\/uploads\/sites\/3\/2024\/08\/Arena-1-150x150.jpeg\" class=\"attachment-thumbnail size-thumbnail\" alt=\"\" aria-describedby=\"gallery-1-9356\" srcset=\"https:\/\/rad-pol.com.pl\/tkaninydekoracyjne\/wp-content\/uploads\/sites\/3\/2024\/08\/Arena-1-150x150.jpeg 150w, https:\/\/rad-pol.com.pl\/tkaninydekoracyjne\/wp-content\/uploads\/sites\/3\/2024\/08\/Arena-1-300x300.jpeg 300w, https:\/\/rad-pol.com.pl\/tkaninydekoracyjne\/wp-content\/uploads\/sites\/3\/2024\/08\/Arena-1-100x100.jpeg 100w, https:\/\/rad-pol.com.pl\/tkaninydekoracyjne\/wp-content\/uploads\/sites\/3\/2024\/08\/Arena-1.jpeg 600w\" sizes=\"(max-width: 150px) 100vw, 150px\" \/><\/a>\n\t\t\t<\/dt>\n\t\t\t\t<dd class='wp-caption-text gallery-caption' id='gallery-1-9356'>\n\t\t\t\tArena\n\t\t\t\t<\/dd><\/dl><dl class='gallery-item'>\n\t\t\t<dt class='gallery-icon landscape'>\n\t\t\t\t<a href='https:\/\/rad-pol.com.pl\/tkaninydekoracyjne\/?attachment_id=9357'><img decoding=\"async\" width=\"150\" height=\"150\" src=\"https:\/\/rad-pol.com.pl\/tkaninydekoracyjne\/wp-content\/uploads\/sites\/3\/2024\/08\/Negro-1-150x150.jpeg\" class=\"attachment-thumbnail size-thumbnail\" alt=\"\" aria-describedby=\"gallery-1-9357\" srcset=\"https:\/\/rad-pol.com.pl\/tkaninydekoracyjne\/wp-content\/uploads\/sites\/3\/2024\/08\/Negro-1-150x150.jpeg 150w, https:\/\/rad-pol.com.pl\/tkaninydekoracyjne\/wp-content\/uploads\/sites\/3\/2024\/08\/Negro-1-300x300.jpeg 300w, https:\/\/rad-pol.com.pl\/tkaninydekoracyjne\/wp-content\/uploads\/sites\/3\/2024\/08\/Negro-1-100x100.jpeg 100w, https:\/\/rad-pol.com.pl\/tkaninydekoracyjne\/wp-content\/uploads\/sites\/3\/2024\/08\/Negro-1.jpeg 600w\" sizes=\"(max-width: 150px) 100vw, 150px\" \/><\/a>\n\t\t\t<\/dt>\n\t\t\t\t<dd class='wp-caption-text gallery-caption' id='gallery-1-9357'>\n\t\t\t\tNegro\n\t\t\t\t<\/dd><\/dl>\n\t\t\t<br style='clear: both' \/>\n\t\t<\/div>\n\n","protected":false},"excerpt":{"rendered":"<div class=\"expandable\">\n<div class=\"ex-header\">\n<div class=\"e-title\">\n<p>&nbsp;<\/p>\n<\/div>\n<\/div>\n<div class=\"toSlide product_data\">\n<table>\n<tbody>\n<tr>\n<td>szeroko\u015b\u0107<\/td>\n<td>280<\/td>\n<\/tr>\n<tr>\n<td>sk\u0142ad<\/td>\n<td>55% len 35% bawe\u0142na 10% poliester<\/td>\n<\/tr>\n<tr>\n<td>ilo\u015b\u0107 kolor\u00f3w<\/td>\n<td>3<\/td>\n<\/tr>\n<tr>\n<td>gramatura<\/td>\n<td>580 g\/m2<\/td>\n<\/tr>\n<tr>\n<td>\u015bcieralno\u015b\u0107 (martindale)<\/td>\n<td>35000<\/td>\n<\/tr>\n<tr>\n<td>kod art.<\/td>\n<td id=\"kod_art_val\">Blanco<\/td>\n<\/tr>\n<\/tbody>\n<\/table>\n<\/div>\n<\/div>\n<div id=\"clean_slide\" class=\"expandable\">\n<div class=\"ex-header\">\n<div class=\"e-title\">\n<p>pranie i czyszczenie<\/p>\n<\/div>\n<\/div>\n<div class=\"toSlide cleaning\">\n<table>\n<tbody>\n<tr>\n<td><img decoding=\"async\" src=\"http:\/\/rad-pol.com.pl\/tkaninydekoracyjne\/wp-content\/uploads\/sites\/3\/2024\/04\/etykieta-4338.png\" alt=\"nie wybiela\u0107\" \/><\/td>\n<td>nie wybiela\u0107<\/td>\n<\/tr>\n<tr>\n<td><img decoding=\"async\" src=\"http:\/\/rad-pol.com.pl\/tkaninydekoracyjne\/wp-content\/uploads\/sites\/3\/2024\/09\/etykieta-7256.png\" alt=\"pranie w temperaturze 30\u00b0C\" \/><\/td>\n<td>pranie w temperaturze 30\u00b0C<\/td>\n<\/tr>\n<tr>\n<td><img decoding=\"async\" src=\"http:\/\/rad-pol.com.pl\/tkaninydekoracyjne\/wp-content\/uploads\/sites\/3\/2024\/09\/etykieta-10519.png\" alt=\"prasowanie w temperaturze do 110 \u00b0C\" \/><\/td>\n<td>prasowanie w temperaturze do 110 \u00b0C<\/td>\n<\/tr>\n<\/tbody>\n<\/table>\n<\/div>\n<\/div>\n","protected":false},"featured_media":9358,"comment_status":"open","ping_status":"closed","template":"","meta":[],"product_brand":[],"product_cat":[164,18,46],"product_tag":[147,55,214,260],"class_list":{"0":"post-9354","1":"product","2":"type-product","3":"status-publish","4":"has-post-thumbnail","6":"product_cat-bawelna","7":"product_cat-len","8":"product_cat-zaslonowe","9":"product_tag-bawelna","10":"product_tag-gladka","11":"product_tag-len","12":"product_tag-naturalna","14":"first","15":"instock","16":"shipping-taxable","17":"product-type-simple"},"yoast_head":"<!-- This site is optimized with the Yoast SEO plugin v27.4 - https:\/\/yoast.com\/product\/yoast-seo-wordpress\/ -->\n<title>Alpacino - Rad-Pol Tkaniny<\/title>\n<meta name=\"description\" content=\"Tkanina ALPACINO o szeroko\u015bci 280 cm to wyj\u0105tkowy materia\u0142, kt\u00f3ry \u0142\u0105czy w sobie 55% lnu i 35% bawe\u0142ny i 10% poliestru. Gruby splot, gramatura 580 g\/m\u00b2.\" \/>\n<meta name=\"robots\" content=\"index, follow, max-snippet:-1, max-image-preview:large, max-video-preview:-1\" \/>\n<link rel=\"canonical\" href=\"https:\/\/rad-pol.com.pl\/tkaninydekoracyjne\/produkt\/alpacino\/\" \/>\n<meta property=\"og:locale\" content=\"pl_PL\" \/>\n<meta property=\"og:type\" content=\"article\" \/>\n<meta property=\"og:title\" content=\"Alpacino - Rad-Pol Tkaniny\" \/>\n<meta property=\"og:description\" content=\"Tkanina ALPACINO o szeroko\u015bci 280 cm to wyj\u0105tkowy materia\u0142, kt\u00f3ry \u0142\u0105czy w sobie 55% lnu i 35% bawe\u0142ny i 10% poliestru. Gruby splot, gramatura 580 g\/m\u00b2.\" \/>\n<meta property=\"og:url\" content=\"https:\/\/rad-pol.com.pl\/tkaninydekoracyjne\/produkt\/alpacino\/\" \/>\n<meta property=\"og:site_name\" content=\"Rad-Pol Tkaniny\" \/>\n<meta property=\"article:publisher\" content=\"https:\/\/www.facebook.com\/RadPolTkaniny\" \/>\n<meta property=\"article:modified_time\" content=\"2025-05-24T21:22:41+00:00\" \/>\n<meta property=\"og:image\" content=\"http:\/\/rad-pol.com.pl\/tkaninydekoracyjne\/wp-content\/uploads\/sites\/3\/2024\/08\/alpacino1491.jpeg\" \/>\n\t<meta property=\"og:image:width\" content=\"600\" \/>\n\t<meta property=\"og:image:height\" content=\"600\" \/>\n\t<meta property=\"og:image:type\" content=\"image\/jpeg\" \/>\n<meta name=\"twitter:card\" content=\"summary_large_image\" \/>\n<meta name=\"twitter:label1\" content=\"Szacowany czas czytania\" \/>\n\t<meta name=\"twitter:data1\" content=\"2 minuty\" \/>\n<script type=\"application\/ld+json\" class=\"yoast-schema-graph\">{\"@context\":\"https:\\\/\\\/schema.org\",\"@graph\":[{\"@type\":\"WebPage\",\"@id\":\"https:\\\/\\\/rad-pol.com.pl\\\/tkaninydekoracyjne\\\/produkt\\\/alpacino\\\/\",\"url\":\"https:\\\/\\\/rad-pol.com.pl\\\/tkaninydekoracyjne\\\/produkt\\\/alpacino\\\/\",\"name\":\"Alpacino - Rad-Pol Tkaniny\",\"isPartOf\":{\"@id\":\"https:\\\/\\\/rad-pol.com.pl\\\/tkaninydekoracyjne\\\/#website\"},\"primaryImageOfPage\":{\"@id\":\"https:\\\/\\\/rad-pol.com.pl\\\/tkaninydekoracyjne\\\/produkt\\\/alpacino\\\/#primaryimage\"},\"image\":{\"@id\":\"https:\\\/\\\/rad-pol.com.pl\\\/tkaninydekoracyjne\\\/produkt\\\/alpacino\\\/#primaryimage\"},\"thumbnailUrl\":\"https:\\\/\\\/rad-pol.com.pl\\\/tkaninydekoracyjne\\\/wp-content\\\/uploads\\\/sites\\\/3\\\/2024\\\/08\\\/alpacino1491.jpeg\",\"datePublished\":\"2024-08-06T09:57:21+00:00\",\"dateModified\":\"2025-05-24T21:22:41+00:00\",\"description\":\"Tkanina ALPACINO o szeroko\u015bci 280 cm to wyj\u0105tkowy materia\u0142, kt\u00f3ry \u0142\u0105czy w sobie 55% lnu i 35% bawe\u0142ny i 10% poliestru. Gruby splot, gramatura 580 g\\\/m\u00b2.\",\"breadcrumb\":{\"@id\":\"https:\\\/\\\/rad-pol.com.pl\\\/tkaninydekoracyjne\\\/produkt\\\/alpacino\\\/#breadcrumb\"},\"inLanguage\":\"pl-PL\",\"potentialAction\":[{\"@type\":\"ReadAction\",\"target\":[\"https:\\\/\\\/rad-pol.com.pl\\\/tkaninydekoracyjne\\\/produkt\\\/alpacino\\\/\"]}]},{\"@type\":\"ImageObject\",\"inLanguage\":\"pl-PL\",\"@id\":\"https:\\\/\\\/rad-pol.com.pl\\\/tkaninydekoracyjne\\\/produkt\\\/alpacino\\\/#primaryimage\",\"url\":\"https:\\\/\\\/rad-pol.com.pl\\\/tkaninydekoracyjne\\\/wp-content\\\/uploads\\\/sites\\\/3\\\/2024\\\/08\\\/alpacino1491.jpeg\",\"contentUrl\":\"https:\\\/\\\/rad-pol.com.pl\\\/tkaninydekoracyjne\\\/wp-content\\\/uploads\\\/sites\\\/3\\\/2024\\\/08\\\/alpacino1491.jpeg\",\"width\":600,\"height\":600},{\"@type\":\"BreadcrumbList\",\"@id\":\"https:\\\/\\\/rad-pol.com.pl\\\/tkaninydekoracyjne\\\/produkt\\\/alpacino\\\/#breadcrumb\",\"itemListElement\":[{\"@type\":\"ListItem\",\"position\":1,\"name\":\"Strona g\u0142\u00f3wna\",\"item\":\"https:\\\/\\\/rad-pol.com.pl\\\/tkaninydekoracyjne\\\/\"},{\"@type\":\"ListItem\",\"position\":2,\"name\":\"Sklep\",\"item\":\"https:\\\/\\\/rad-pol.com.pl\\\/tkaninydekoracyjne\\\/sklep\\\/\"},{\"@type\":\"ListItem\",\"position\":3,\"name\":\"Alpacino\"}]},{\"@type\":\"WebSite\",\"@id\":\"https:\\\/\\\/rad-pol.com.pl\\\/tkaninydekoracyjne\\\/#website\",\"url\":\"https:\\\/\\\/rad-pol.com.pl\\\/tkaninydekoracyjne\\\/\",\"name\":\"Rad-Pol Tkaniny\",\"description\":\"\",\"publisher\":{\"@id\":\"https:\\\/\\\/rad-pol.com.pl\\\/tkaninydekoracyjne\\\/#organization\"},\"potentialAction\":[{\"@type\":\"SearchAction\",\"target\":{\"@type\":\"EntryPoint\",\"urlTemplate\":\"https:\\\/\\\/rad-pol.com.pl\\\/tkaninydekoracyjne\\\/?s={search_term_string}\"},\"query-input\":{\"@type\":\"PropertyValueSpecification\",\"valueRequired\":true,\"valueName\":\"search_term_string\"}}],\"inLanguage\":\"pl-PL\"},{\"@type\":\"Organization\",\"@id\":\"https:\\\/\\\/rad-pol.com.pl\\\/tkaninydekoracyjne\\\/#organization\",\"name\":\"Rad-Pol Tkaniny\",\"url\":\"https:\\\/\\\/rad-pol.com.pl\\\/tkaninydekoracyjne\\\/\",\"logo\":{\"@type\":\"ImageObject\",\"inLanguage\":\"pl-PL\",\"@id\":\"https:\\\/\\\/rad-pol.com.pl\\\/tkaninydekoracyjne\\\/#\\\/schema\\\/logo\\\/image\\\/\",\"url\":\"https:\\\/\\\/rad-pol.com.pl\\\/tkaninydekoracyjne\\\/wp-content\\\/uploads\\\/sites\\\/3\\\/2024\\\/04\\\/RadPol-logo-www.png\",\"contentUrl\":\"https:\\\/\\\/rad-pol.com.pl\\\/tkaninydekoracyjne\\\/wp-content\\\/uploads\\\/sites\\\/3\\\/2024\\\/04\\\/RadPol-logo-www.png\",\"width\":300,\"height\":108,\"caption\":\"Rad-Pol Tkaniny\"},\"image\":{\"@id\":\"https:\\\/\\\/rad-pol.com.pl\\\/tkaninydekoracyjne\\\/#\\\/schema\\\/logo\\\/image\\\/\"},\"sameAs\":[\"https:\\\/\\\/www.facebook.com\\\/RadPolTkaniny\"]}]}<\/script>\n<!-- \/ Yoast SEO plugin. -->","yoast_head_json":{"title":"Alpacino - Rad-Pol Tkaniny","description":"Tkanina ALPACINO o szeroko\u015bci 280 cm to wyj\u0105tkowy materia\u0142, kt\u00f3ry \u0142\u0105czy w sobie 55% lnu i 35% bawe\u0142ny i 10% poliestru. Gruby splot, gramatura 580 g\/m\u00b2.","robots":{"index":"index","follow":"follow","max-snippet":"max-snippet:-1","max-image-preview":"max-image-preview:large","max-video-preview":"max-video-preview:-1"},"canonical":"https:\/\/rad-pol.com.pl\/tkaninydekoracyjne\/produkt\/alpacino\/","og_locale":"pl_PL","og_type":"article","og_title":"Alpacino - Rad-Pol Tkaniny","og_description":"Tkanina ALPACINO o szeroko\u015bci 280 cm to wyj\u0105tkowy materia\u0142, kt\u00f3ry \u0142\u0105czy w sobie 55% lnu i 35% bawe\u0142ny i 10% poliestru. Gruby splot, gramatura 580 g\/m\u00b2.","og_url":"https:\/\/rad-pol.com.pl\/tkaninydekoracyjne\/produkt\/alpacino\/","og_site_name":"Rad-Pol Tkaniny","article_publisher":"https:\/\/www.facebook.com\/RadPolTkaniny","article_modified_time":"2025-05-24T21:22:41+00:00","og_image":[{"width":600,"height":600,"url":"http:\/\/rad-pol.com.pl\/tkaninydekoracyjne\/wp-content\/uploads\/sites\/3\/2024\/08\/alpacino1491.jpeg","type":"image\/jpeg"}],"twitter_card":"summary_large_image","twitter_misc":{"Szacowany czas czytania":"2 minuty"},"schema":{"@context":"https:\/\/schema.org","@graph":[{"@type":"WebPage","@id":"https:\/\/rad-pol.com.pl\/tkaninydekoracyjne\/produkt\/alpacino\/","url":"https:\/\/rad-pol.com.pl\/tkaninydekoracyjne\/produkt\/alpacino\/","name":"Alpacino - Rad-Pol Tkaniny","isPartOf":{"@id":"https:\/\/rad-pol.com.pl\/tkaninydekoracyjne\/#website"},"primaryImageOfPage":{"@id":"https:\/\/rad-pol.com.pl\/tkaninydekoracyjne\/produkt\/alpacino\/#primaryimage"},"image":{"@id":"https:\/\/rad-pol.com.pl\/tkaninydekoracyjne\/produkt\/alpacino\/#primaryimage"},"thumbnailUrl":"https:\/\/rad-pol.com.pl\/tkaninydekoracyjne\/wp-content\/uploads\/sites\/3\/2024\/08\/alpacino1491.jpeg","datePublished":"2024-08-06T09:57:21+00:00","dateModified":"2025-05-24T21:22:41+00:00","description":"Tkanina ALPACINO o szeroko\u015bci 280 cm to wyj\u0105tkowy materia\u0142, kt\u00f3ry \u0142\u0105czy w sobie 55% lnu i 35% bawe\u0142ny i 10% poliestru. Gruby splot, gramatura 580 g\/m\u00b2.","breadcrumb":{"@id":"https:\/\/rad-pol.com.pl\/tkaninydekoracyjne\/produkt\/alpacino\/#breadcrumb"},"inLanguage":"pl-PL","potentialAction":[{"@type":"ReadAction","target":["https:\/\/rad-pol.com.pl\/tkaninydekoracyjne\/produkt\/alpacino\/"]}]},{"@type":"ImageObject","inLanguage":"pl-PL","@id":"https:\/\/rad-pol.com.pl\/tkaninydekoracyjne\/produkt\/alpacino\/#primaryimage","url":"https:\/\/rad-pol.com.pl\/tkaninydekoracyjne\/wp-content\/uploads\/sites\/3\/2024\/08\/alpacino1491.jpeg","contentUrl":"https:\/\/rad-pol.com.pl\/tkaninydekoracyjne\/wp-content\/uploads\/sites\/3\/2024\/08\/alpacino1491.jpeg","width":600,"height":600},{"@type":"BreadcrumbList","@id":"https:\/\/rad-pol.com.pl\/tkaninydekoracyjne\/produkt\/alpacino\/#breadcrumb","itemListElement":[{"@type":"ListItem","position":1,"name":"Strona g\u0142\u00f3wna","item":"https:\/\/rad-pol.com.pl\/tkaninydekoracyjne\/"},{"@type":"ListItem","position":2,"name":"Sklep","item":"https:\/\/rad-pol.com.pl\/tkaninydekoracyjne\/sklep\/"},{"@type":"ListItem","position":3,"name":"Alpacino"}]},{"@type":"WebSite","@id":"https:\/\/rad-pol.com.pl\/tkaninydekoracyjne\/#website","url":"https:\/\/rad-pol.com.pl\/tkaninydekoracyjne\/","name":"Rad-Pol Tkaniny","description":"","publisher":{"@id":"https:\/\/rad-pol.com.pl\/tkaninydekoracyjne\/#organization"},"potentialAction":[{"@type":"SearchAction","target":{"@type":"EntryPoint","urlTemplate":"https:\/\/rad-pol.com.pl\/tkaninydekoracyjne\/?s={search_term_string}"},"query-input":{"@type":"PropertyValueSpecification","valueRequired":true,"valueName":"search_term_string"}}],"inLanguage":"pl-PL"},{"@type":"Organization","@id":"https:\/\/rad-pol.com.pl\/tkaninydekoracyjne\/#organization","name":"Rad-Pol Tkaniny","url":"https:\/\/rad-pol.com.pl\/tkaninydekoracyjne\/","logo":{"@type":"ImageObject","inLanguage":"pl-PL","@id":"https:\/\/rad-pol.com.pl\/tkaninydekoracyjne\/#\/schema\/logo\/image\/","url":"https:\/\/rad-pol.com.pl\/tkaninydekoracyjne\/wp-content\/uploads\/sites\/3\/2024\/04\/RadPol-logo-www.png","contentUrl":"https:\/\/rad-pol.com.pl\/tkaninydekoracyjne\/wp-content\/uploads\/sites\/3\/2024\/04\/RadPol-logo-www.png","width":300,"height":108,"caption":"Rad-Pol Tkaniny"},"image":{"@id":"https:\/\/rad-pol.com.pl\/tkaninydekoracyjne\/#\/schema\/logo\/image\/"},"sameAs":["https:\/\/www.facebook.com\/RadPolTkaniny"]}]}},"_links":{"self":[{"href":"https:\/\/rad-pol.com.pl\/tkaninydekoracyjne\/wp-json\/wp\/v2\/product\/9354","targetHints":{"allow":["GET"]}}],"collection":[{"href":"https:\/\/rad-pol.com.pl\/tkaninydekoracyjne\/wp-json\/wp\/v2\/product"}],"about":[{"href":"https:\/\/rad-pol.com.pl\/tkaninydekoracyjne\/wp-json\/wp\/v2\/types\/product"}],"replies":[{"embeddable":true,"href":"https:\/\/rad-pol.com.pl\/tkaninydekoracyjne\/wp-json\/wp\/v2\/comments?post=9354"}],"version-history":[{"count":3,"href":"https:\/\/rad-pol.com.pl\/tkaninydekoracyjne\/wp-json\/wp\/v2\/product\/9354\/revisions"}],"predecessor-version":[{"id":13719,"href":"https:\/\/rad-pol.com.pl\/tkaninydekoracyjne\/wp-json\/wp\/v2\/product\/9354\/revisions\/13719"}],"wp:featuredmedia":[{"embeddable":true,"href":"https:\/\/rad-pol.com.pl\/tkaninydekoracyjne\/wp-json\/wp\/v2\/media\/9358"}],"wp:attachment":[{"href":"https:\/\/rad-pol.com.pl\/tkaninydekoracyjne\/wp-json\/wp\/v2\/media?parent=9354"}],"wp:term":[{"taxonomy":"product_brand","embeddable":true,"href":"https:\/\/rad-pol.com.pl\/tkaninydekoracyjne\/wp-json\/wp\/v2\/product_brand?post=9354"},{"taxonomy":"product_cat","embeddable":true,"href":"https:\/\/rad-pol.com.pl\/tkaninydekoracyjne\/wp-json\/wp\/v2\/product_cat?post=9354"},{"taxonomy":"product_tag","embeddable":true,"href":"https:\/\/rad-pol.com.pl\/tkaninydekoracyjne\/wp-json\/wp\/v2\/product_tag?post=9354"}],"curies":[{"name":"wp","href":"https:\/\/api.w.org\/{rel}","templated":true}]}}